{"id":1186,"date":"2017-12-06T14:48:51","date_gmt":"2017-12-06T14:48:51","guid":{"rendered":"http:\/\/flor-do-vale.pt\/?page_id=1186"},"modified":"2018-08-29T17:29:37","modified_gmt":"2018-08-29T17:29:37","slug":"queijos-frescos","status":"publish","type":"page","link":"http:\/\/flor-do-vale.pt\/index.php\/queijos-frescos\/","title":{"rendered":"Queijos Frescos"},"content":{"rendered":"<div id=\"pl-1186\"  class=\"panel-layout\" ><div id=\"pg-1186-0\"  class=\"panel-grid panel-has-style\" ><div class=\"siteorigin-panels-stretch panel-row-style panel-row-style-for-1186-0\" data-stretch-type=\"full-stretched\" ><div id=\"pgc-1186-0-0\"  class=\"panel-grid-cell\" ><div id=\"panel-1186-0-0-0\" class=\"so-panel widget widget_sow-headline panel-first-child\" data-index=\"0\" ><div class=\"panel-widget-style panel-widget-style-for-1186-0-0-0\" ><div\n\t\t\t\n\t\t\tclass=\"so-widget-sow-headline so-widget-sow-headline-default-79fb05429eeb-1186 so-widget-fittext-wrapper\"\n\t\t\t data-fit-text-compressor=\"0.85\"\n\t\t><div class=\"sow-headline-container \">\n\t\t\t\t\t\t\t<h1 class=\"sow-headline\">\n\t\t\t\t\t\tQueijos Frescos\t\t\t\t\t\t<\/h1>\n\t\t\t\t\t\t\t\t\t\t\t<div class=\"decoration\">\n\t\t\t\t\t\t<div class=\"decoration-inside\"><\/div>\n\t\t\t\t\t<\/div>\n\t\t\t\t\t<\/div>\n<\/div><\/div><\/div><div id=\"panel-1186-0-0-1\" class=\"widget_text so-panel widget widget_custom_html panel-last-child\" data-index=\"1\" ><div class=\"widget_text panel-widget-style panel-widget-style-for-1186-0-0-1\" ><div class=\"textwidget custom-html-widget\"><p align=\"justify\">O queijo fresco Flor do Vale \u00e9 fabricado diariamente de modo a garantir uma maior frescura e qualidade, com leite de vaca e cabra produzido e controlado desde a sua origem. De textura suave, mas firme, \u00e9 indicado para todas as idades, sendo uma importante e saud\u00e1vel fonte de c\u00e1lcio.<\/p>\n<p align=\"justify\">Produzido com leite de vaca, pode encontrar o nosso <u>Queijo Fresco<\/u> em dois tamanhos, sendo que temos ainda dispon\u00edvel a nossa receita de <u>Queijo Fresco Tradicional<\/u>, um queijo mais consistente, elaborado num processo artesanal, com um sabor suavemente salgado e, para lhe levar um produto diferenciado, o nosso <u>Queijo Fresco com Ervas<\/u>, composto por salsa fresca, adquirida diariamente a produtores locais, alho e pimenta preta, tamb\u00e9m dispon\u00edvel no formato tradicional. Com leite de cabra, encontra o nosso <u>Caprino Fresco<\/u>, um queijo fresco com sabor suave a cabra.<\/p><\/div><\/div><\/div><\/div><\/div><\/div><div id=\"pg-1186-1\"  class=\"panel-grid panel-has-style\" ><div class=\"siteorigin-panels-stretch panel-row-style panel-row-style-for-1186-1\" data-stretch-type=\"full-stretched\" ><div id=\"pgc-1186-1-0\"  class=\"panel-grid-cell\" ><div id=\"panel-1186-1-0-0\" class=\"widget_text so-panel widget widget_custom_html panel-first-child panel-last-child\" data-index=\"2\" ><div class=\"textwidget custom-html-widget\">    <div data-options='{&quot;id&quot;:&quot;547&quot;,&quot;lazy_load&quot;:&quot;no&quot;,&quot;masonry_enable&quot;:&quot;no&quot;,&quot;view_type&quot;:&quot;grid&quot;}' id=\"post-grid-547\" class=\"post-grid grid\">\n    \n\n\n    <div class=\"grid-items\">\n      <div class=\"item item-2576 skin flat even 0 \">\n        <div class=\"layer-wrapper layout-\">\n        <div class=\"layer-media\"><a href=\"http:\/\/flor-do-vale.pt\/index.php\/2018\/08\/29\/queijo-fresco\/\"><img decoding=\"async\" alt=\"\" src=\"http:\/\/flor-do-vale.pt\/wp-content\/uploads\/2018\/08\/queijo-fresco-1.jpg\" \/><\/a><\/div>\n  <div class=\"layer-content\">\n        <div class=\"element element_0  title \">\r\n                    <a target=\"\"\r\n                href=\"http:\/\/flor-do-vale.pt\/index.php\/2018\/08\/29\/queijo-fresco\/\">Queijo Fresco<\/a>\r\n            <\/div>\r\n    <div class=\"element element_1  excerpt \">\r\n                    <\/div>\r\n  <\/div>\n    <\/div>\n  <\/div><div class=\"item item-2569 skin flat odd 1 \">\n        <div class=\"layer-wrapper layout-\">\n        <div class=\"layer-media\"><a href=\"http:\/\/flor-do-vale.pt\/index.php\/2018\/08\/29\/queijo-fresco-medio\/\"><img decoding=\"async\" alt=\"\" src=\"http:\/\/flor-do-vale.pt\/wp-content\/uploads\/2018\/08\/queijo_fresco_medio-2.jpg\" \/><\/a><\/div>\n  <div class=\"layer-content\">\n        <div class=\"element element_0  title \">\r\n                    <a target=\"\"\r\n                href=\"http:\/\/flor-do-vale.pt\/index.php\/2018\/08\/29\/queijo-fresco-medio\/\">Queijo Fresco M\u00e9dio<\/a>\r\n            <\/div>\r\n    <div class=\"element element_1  excerpt \">\r\n                    <\/div>\r\n  <\/div>\n    <\/div>\n  <\/div><div class=\"item item-443 skin flat even 2 \">\n        <div class=\"layer-wrapper layout-\">\n        <div class=\"layer-media\"><a href=\"http:\/\/flor-do-vale.pt\/index.php\/2017\/08\/31\/queijo-fresco-com-ervas\/\"><img decoding=\"async\" alt=\"\" src=\"http:\/\/flor-do-vale.pt\/wp-content\/uploads\/2017\/08\/fresco-c-ervas-1.jpg\" \/><\/a><\/div>\n  <div class=\"layer-content\">\n        <div class=\"element element_0  title \">\r\n                    <a target=\"\"\r\n                href=\"http:\/\/flor-do-vale.pt\/index.php\/2017\/08\/31\/queijo-fresco-com-ervas\/\">Queijo Fresco com Ervas<\/a>\r\n            <\/div>\r\n    <div class=\"element element_1  excerpt \">\r\n                    <\/div>\r\n  <\/div>\n    <\/div>\n  <\/div><div class=\"item item-440 skin flat odd 3 \">\n        <div class=\"layer-wrapper layout-\">\n        <div class=\"layer-media\"><a href=\"http:\/\/flor-do-vale.pt\/index.php\/2017\/08\/31\/queijo-fresco-tradicional\/\"><img decoding=\"async\" alt=\"\" src=\"http:\/\/flor-do-vale.pt\/wp-content\/uploads\/2017\/08\/tradicional-3.jpg\" \/><\/a><\/div>\n  <div class=\"layer-content\">\n        <div class=\"element element_0  title \">\r\n                    <a target=\"\"\r\n                href=\"http:\/\/flor-do-vale.pt\/index.php\/2017\/08\/31\/queijo-fresco-tradicional\/\">Queijo Fresco Tradicional<\/a>\r\n            <\/div>\r\n    <div class=\"element element_1  excerpt \">\r\n                    <\/div>\r\n  <\/div>\n    <\/div>\n  <\/div><div class=\"item item-437 skin flat even 4 \">\n        <div class=\"layer-wrapper layout-\">\n        <div class=\"layer-media\"><a href=\"http:\/\/flor-do-vale.pt\/index.php\/2017\/08\/31\/queijo-fresco-tradicional-com-ervas\/\"><img decoding=\"async\" alt=\"\" src=\"http:\/\/flor-do-vale.pt\/wp-content\/uploads\/2017\/08\/tradicional-c-ervas-3.jpg\" \/><\/a><\/div>\n  <div class=\"layer-content\">\n        <div class=\"element element_0  title \">\r\n                    <a target=\"\"\r\n                href=\"http:\/\/flor-do-vale.pt\/index.php\/2017\/08\/31\/queijo-fresco-tradicional-com-ervas\/\">Queijo Fresco Tradicional c\/ervas<\/a>\r\n            <\/div>\r\n    <div class=\"element element_1  excerpt \">\r\n                    <\/div>\r\n  <\/div>\n    <\/div>\n  <\/div><div class=\"item item-434 skin flat odd 5 \">\n        <div class=\"layer-wrapper layout-\">\n        <div class=\"layer-media\"><a href=\"http:\/\/flor-do-vale.pt\/index.php\/2017\/08\/31\/caprino-fresco\/\"><img decoding=\"async\" alt=\"\" src=\"http:\/\/flor-do-vale.pt\/wp-content\/uploads\/2017\/08\/caprino-fresco.jpg\" \/><\/a><\/div>\n  <div class=\"layer-content\">\n        <div class=\"element element_0  title \">\r\n                    <a target=\"\"\r\n                href=\"http:\/\/flor-do-vale.pt\/index.php\/2017\/08\/31\/caprino-fresco\/\">Caprino Fresco<\/a>\r\n            <\/div>\r\n    <div class=\"element element_1  excerpt \">\r\n                    <\/div>\r\n  <\/div>\n    <\/div>\n  <\/div>    <\/div>\n    <div class=\"pagination\">\n      <div class=\"paginate\">\n      <\/div>\n  <style type=\"text\/css\">\n    #post-grid-547 .pagination .page-numbers {\n      font-size: 17px;\n      color: #646464;\n      background: #646464;\n    }\n\n    #post-grid-547 .pagination .page-numbers:hover,\n    #post-grid-547 .pagination .page-numbers.current {\n      background: #4b4b4b;\n    }\n  <\/style>\n  <\/div>\n      <style type=\"text\/css\">\n      \/*Write your CSS code here*\/\r\n#post-grid-547 .element_0{\r\n  \tfont-family: Marck Script;\r\n    text-align: center;\r\n    color: #413b30;\r\n  \tfont-size: 20px;\r\n  \tfont-weight:600;\r\n  \tpadding-top:10px;\r\n}\r\n@media (min-width: 768px){\r\n#post-grid-547 .item {\r\n   margin: 0.5% !important;\r\n}\r\n}    <\/style>\n      <script>\n          \/*Write your js code here*\/          <\/script>\n    <style type=\"text\/css\">\n    #post-grid-547 .element_0 {\n      display: block;font-size: 21px;line-height: normal;padding: 5px 10px;text-align: left;    }\n\n    #post-grid-547 .element_1 {\n      display: block;font-size: 12px;padding: 5px 10px;text-align: left;    }\n\n    #post-grid-547 .element_0:hover{}#post-grid-547 .element_1:hover{}  <\/style>\n  <style type=\"text\/css\">\n    #post-grid-547 {\n      padding: 0px;\n      background-color: #fff;\n          }\n\n    #post-grid-547 .item {\n      background: #b38600;\n          }\n\n    #post-grid-547 .item .layer-media {\n      height:auto;    }\n\n    @media only screen and (min-width: 0px) and (max-width: 767px) {\n      #post-grid-547 .grid-items {\n        text-align: center;\n              }\n\n      #post-grid-547 .item {\n        width: 100%;\n        margin: 0px;\n        display: inline-block;\n        vertical-align: top;\n        height:auto;      }\n    }\n\n    @media only screen and (min-width: 768px) and (max-width: 1023px) {\n      #post-grid-547 .grid-items {\n        text-align: center;\n              }\n\n      #post-grid-547 .item {\n        width: 25%;\n        margin: 0px;\n        display: inline-block;\n        vertical-align: top;\n        max-height:auto;      }\n    }\n\n    @media only screen and (min-width: 1024px) {\n      #post-grid-547 .grid-items {\n        text-align: center;\n              }\n\n      #post-grid-547 .item {\n        width: 25%;\n        display: inline-block;\n        margin: 0px;\n        vertical-align: top;\n        height:auto;      }\n    }\n\n      <\/style>\n  <\/div>\n<\/div><\/div><\/div><\/div><\/div><div id=\"pg-1186-2\"  class=\"panel-grid panel-has-style\" ><div class=\"siteorigin-panels-stretch panel-row-style panel-row-style-for-1186-2\" data-stretch-type=\"full-stretched\" ><div id=\"pgc-1186-2-0\"  class=\"panel-grid-cell\" ><div id=\"panel-1186-2-0-0\" class=\"so-panel widget widget_sow-headline panel-first-child panel-last-child\" data-index=\"3\" ><div\n\t\t\t\n\t\t\tclass=\"so-widget-sow-headline so-widget-sow-headline-default-7ca887e6e1bb-1186 so-widget-fittext-wrapper\"\n\t\t\t data-fit-text-compressor=\"0.85\"\n\t\t><div class=\"sow-headline-container \">\n\t\t\t\t\t\t\t<h1 class=\"sow-headline\">\n\t\t\t\t\t\tO Fabrico do Queijo Fresco\t\t\t\t\t\t<\/h1>\n\t\t\t\t\t\t\t\t\t\t\t<div class=\"decoration\">\n\t\t\t\t\t\t<div class=\"decoration-inside\"><\/div>\n\t\t\t\t\t<\/div>\n\t\t\t\t\t<\/div>\n<\/div><\/div><\/div><\/div><\/div><div id=\"pg-1186-3\"  class=\"panel-grid panel-has-style\" ><div class=\"siteorigin-panels-stretch panel-row-style panel-row-style-for-1186-3\" data-stretch-type=\"full-stretched\" ><div id=\"pgc-1186-3-0\"  class=\"panel-grid-cell\" ><div class=\"panel-cell-style panel-cell-style-for-1186-3-0\" ><div id=\"panel-1186-3-0-0\" class=\"so-panel widget widget_sow-headline panel-first-child\" data-index=\"4\" ><div\n\t\t\t\n\t\t\tclass=\"so-widget-sow-headline so-widget-sow-headline-default-f3f1463bcaf5-1186 so-widget-fittext-wrapper\"\n\t\t\t data-fit-text-compressor=\"0.85\"\n\t\t><div class=\"sow-headline-container \">\n\t\t\t\t\t\t\t<h1 class=\"sow-headline\">\n\t\t\t\t\t\t1\u00ba Passo - Ordenha\t\t\t\t\t\t<\/h1>\n\t\t\t\t\t\t<\/div>\n<\/div><\/div><div id=\"panel-1186-3-0-1\" class=\"widget_text so-panel widget widget_custom_html panel-last-child\" data-index=\"5\" ><div class=\"widget_text panel-widget-style panel-widget-style-for-1186-3-0-1\" ><div class=\"textwidget custom-html-widget\">O primeiro passo \u00e9 ordenhar. S\u00f3 usamos o leite, fresco e natural, das nossas pr\u00f3prias vacas e cabras. N\u00e3o temos leite de outras explora\u00e7\u00f5es, assim podemos controlar a 100% a qualidade.<\/div><\/div><\/div><\/div><\/div><div id=\"pgc-1186-3-1\"  class=\"panel-grid-cell\" ><div class=\"panel-cell-style panel-cell-style-for-1186-3-1\" ><div id=\"panel-1186-3-1-0\" class=\"so-panel widget widget_sow-headline panel-first-child\" data-index=\"6\" ><div\n\t\t\t\n\t\t\tclass=\"so-widget-sow-headline so-widget-sow-headline-default-f3f1463bcaf5-1186 so-widget-fittext-wrapper\"\n\t\t\t data-fit-text-compressor=\"0.85\"\n\t\t><div class=\"sow-headline-container \">\n\t\t\t\t\t\t\t<h1 class=\"sow-headline\">\n\t\t\t\t\t\t2\u00ba Passo - Pasteuriza\u00e7\u00e3o\t\t\t\t\t\t<\/h1>\n\t\t\t\t\t\t<\/div>\n<\/div><\/div><div id=\"panel-1186-3-1-1\" class=\"widget_text so-panel widget widget_custom_html panel-last-child\" data-index=\"7\" ><div class=\"widget_text panel-widget-style panel-widget-style-for-1186-3-1-1\" ><div class=\"textwidget custom-html-widget\">A primeira coisa que fazemos \u00e9 pasteurizar o leite. Logo de seguida adicionamos fermentos l\u00e1cteos, coalho e sal (e tamb\u00e9m salsa fresca, alho e pimenta preta para o nosso queijo fresco de ervas).<\/div><\/div><\/div><\/div><\/div><div id=\"pgc-1186-3-2\"  class=\"panel-grid-cell\" ><div class=\"panel-cell-style panel-cell-style-for-1186-3-2\" ><div id=\"panel-1186-3-2-0\" class=\"so-panel widget widget_sow-headline panel-first-child\" data-index=\"8\" ><div\n\t\t\t\n\t\t\tclass=\"so-widget-sow-headline so-widget-sow-headline-default-f3f1463bcaf5-1186 so-widget-fittext-wrapper\"\n\t\t\t data-fit-text-compressor=\"0.85\"\n\t\t><div class=\"sow-headline-container \">\n\t\t\t\t\t\t\t<h1 class=\"sow-headline\">\n\t\t\t\t\t\t3\u00ba Passo - Coalhada\t\t\t\t\t\t<\/h1>\n\t\t\t\t\t\t<\/div>\n<\/div><\/div><div id=\"panel-1186-3-2-1\" class=\"widget_text so-panel widget widget_custom_html panel-last-child\" data-index=\"9\" ><div class=\"widget_text panel-widget-style panel-widget-style-for-1186-3-2-1\" ><div class=\"textwidget custom-html-widget\">Em menos de uma hora temos a coalhada.<\/div><\/div><\/div><\/div><\/div><div id=\"pgc-1186-3-3\"  class=\"panel-grid-cell\" ><div class=\"panel-cell-style panel-cell-style-for-1186-3-3\" ><div id=\"panel-1186-3-3-0\" class=\"so-panel widget widget_sow-headline panel-first-child\" data-index=\"10\" ><div\n\t\t\t\n\t\t\tclass=\"so-widget-sow-headline so-widget-sow-headline-default-f3f1463bcaf5-1186 so-widget-fittext-wrapper\"\n\t\t\t data-fit-text-compressor=\"0.85\"\n\t\t><div class=\"sow-headline-container \">\n\t\t\t\t\t\t\t<h1 class=\"sow-headline\">\n\t\t\t\t\t\t4\u00ba Passo - Mexedura\t\t\t\t\t\t<\/h1>\n\t\t\t\t\t\t<\/div>\n<\/div><\/div><div id=\"panel-1186-3-3-1\" class=\"widget_text so-panel widget widget_custom_html panel-last-child\" data-index=\"11\" ><div class=\"widget_text panel-widget-style panel-widget-style-for-1186-3-3-1\" ><div class=\"textwidget custom-html-widget\">Passado este tempo a coalhada \u00e9 agitada at\u00e9 que obtenhamos o gr\u00e3o desejado.<\/div><\/div><\/div><\/div><\/div><\/div><\/div><div id=\"pg-1186-4\"  class=\"panel-grid panel-has-style\" ><div class=\"siteorigin-panels-stretch panel-row-style panel-row-style-for-1186-4\" data-stretch-type=\"full-stretched\" ><div id=\"pgc-1186-4-0\"  class=\"panel-grid-cell\" ><div class=\"panel-cell-style panel-cell-style-for-1186-4-0\" ><div id=\"panel-1186-4-0-0\" class=\"so-panel widget widget_sow-headline panel-first-child\" data-index=\"12\" ><div\n\t\t\t\n\t\t\tclass=\"so-widget-sow-headline so-widget-sow-headline-default-f3f1463bcaf5-1186 so-widget-fittext-wrapper\"\n\t\t\t data-fit-text-compressor=\"0.85\"\n\t\t><div class=\"sow-headline-container \">\n\t\t\t\t\t\t\t<h1 class=\"sow-headline\">\n\t\t\t\t\t\t5\u00ba Passo - Enchimento\t\t\t\t\t\t<\/h1>\n\t\t\t\t\t\t<\/div>\n<\/div><\/div><div id=\"panel-1186-4-0-1\" class=\"widget_text so-panel widget widget_custom_html panel-last-child\" data-index=\"13\" ><div class=\"widget_text panel-widget-style panel-widget-style-for-1186-4-0-1\" ><div class=\"textwidget custom-html-widget\">Depois de lavada a massa, \u00e9 feito o dessoramento dentro da cuba. O processo de enchimento \u00e9 manual com o aux\u00edlio de multimoldes.<\/div><\/div><\/div><\/div><\/div><div id=\"pgc-1186-4-1\"  class=\"panel-grid-cell\" ><div class=\"panel-cell-style panel-cell-style-for-1186-4-1\" ><div id=\"panel-1186-4-1-0\" class=\"so-panel widget widget_sow-headline panel-first-child\" data-index=\"14\" ><div\n\t\t\t\n\t\t\tclass=\"so-widget-sow-headline so-widget-sow-headline-default-f3f1463bcaf5-1186 so-widget-fittext-wrapper\"\n\t\t\t data-fit-text-compressor=\"0.85\"\n\t\t><div class=\"sow-headline-container \">\n\t\t\t\t\t\t\t<h1 class=\"sow-headline\">\n\t\t\t\t\t\t6\u00ba Passo - Salmoura\t\t\t\t\t\t<\/h1>\n\t\t\t\t\t\t<\/div>\n<\/div><\/div><div id=\"panel-1186-4-1-1\" class=\"widget_text so-panel widget widget_custom_html panel-last-child\" data-index=\"15\" ><div class=\"widget_text panel-widget-style panel-widget-style-for-1186-4-1-1\" ><div class=\"textwidget custom-html-widget\">Ap\u00f3s o enchimento os queijos s\u00e3o retirados dos multimoldes e ficam nos cinchos, prontos a serem refrigerados.<\/div><\/div><\/div><\/div><\/div><div id=\"pgc-1186-4-2\"  class=\"panel-grid-cell\" ><div class=\"panel-cell-style panel-cell-style-for-1186-4-2\" ><div id=\"panel-1186-4-2-0\" class=\"so-panel widget widget_sow-headline panel-first-child\" data-index=\"16\" ><div\n\t\t\t\n\t\t\tclass=\"so-widget-sow-headline so-widget-sow-headline-default-f3f1463bcaf5-1186 so-widget-fittext-wrapper\"\n\t\t\t data-fit-text-compressor=\"0.85\"\n\t\t><div class=\"sow-headline-container \">\n\t\t\t\t\t\t\t<h1 class=\"sow-headline\">\n\t\t\t\t\t\t7\u00ba Passo - C\u00e2maras de Refrigera\u00e7\u00e3o\t\t\t\t\t\t<\/h1>\n\t\t\t\t\t\t<\/div>\n<\/div><\/div><div id=\"panel-1186-4-2-1\" class=\"widget_text so-panel widget widget_custom_html panel-last-child\" data-index=\"17\" ><div class=\"widget_text panel-widget-style panel-widget-style-for-1186-4-2-1\" ><div class=\"textwidget custom-html-widget\">Os queijos frescos s\u00e3o refrigerados nas nossas c\u00e2maras a uma temperatura inferior a 4\u00baC para que seja garantida a melhor qualidade do produto.<\/div><\/div><\/div><\/div><\/div><div id=\"pgc-1186-4-3\"  class=\"panel-grid-cell\" ><div class=\"panel-cell-style panel-cell-style-for-1186-4-3\" ><div id=\"panel-1186-4-3-0\" class=\"so-panel widget widget_sow-headline panel-first-child\" data-index=\"18\" ><div\n\t\t\t\n\t\t\tclass=\"so-widget-sow-headline so-widget-sow-headline-default-f3f1463bcaf5-1186 so-widget-fittext-wrapper\"\n\t\t\t data-fit-text-compressor=\"0.85\"\n\t\t><div class=\"sow-headline-container \">\n\t\t\t\t\t\t\t<h1 class=\"sow-headline\">\n\t\t\t\t\t\t....e pronto!\t\t\t\t\t\t<\/h1>\n\t\t\t\t\t\t<\/div>\n<\/div><\/div><div id=\"panel-1186-4-3-1\" class=\"widget_text so-panel widget widget_custom_html panel-last-child\" data-index=\"19\" ><div class=\"widget_text panel-widget-style panel-widget-style-for-1186-4-3-1\" ><div class=\"textwidget custom-html-widget\">Os nossos queijos frescos flor do vale prontos para a sua mesa\u2026<\/div><\/div><\/div><\/div><\/div><\/div><\/div><div id=\"pg-1186-5\"  class=\"panel-grid panel-has-style\" ><div class=\"siteorigin-panels-stretch panel-row-style panel-row-style-for-1186-5\" data-stretch-type=\"full-stretched\" ><div id=\"pgc-1186-5-0\"  class=\"panel-grid-cell\" ><div class=\"panel-cell-style panel-cell-style-for-1186-5-0\" ><div id=\"panel-1186-5-0-0\" class=\"widget_text so-panel widget widget_custom_html panel-first-child panel-last-child\" data-index=\"20\" ><div class=\"widget_text panel-widget-style panel-widget-style-for-1186-5-0-0\" ><div class=\"textwidget custom-html-widget\"><span style=\"font-size:13px;\">Copyright \u00a9 2018 Queijaria Flor do Vale. Todos os direitos reservados.<\/span>\n<br\/>\n<span style=\"font-size:13px;\"><a href=\"http:\/\/flor-do-vale.pt\/index.php\/privacidade\/\" style=\"color:#fff;\"><u>Pol\u00edtica de Privacidade<\/u><\/a><\/span>\n<\/div><\/div><\/div><\/div><\/div><div id=\"pgc-1186-5-1\"  class=\"panel-grid-cell\" ><div class=\"panel-cell-style panel-cell-style-for-1186-5-1\" ><div id=\"panel-1186-5-1-0\" class=\"widget_text so-panel widget widget_custom_html panel-first-child panel-last-child\" data-index=\"21\" ><div class=\"widget_text panel-widget-style panel-widget-style-for-1186-5-1-0\" ><div class=\"textwidget custom-html-widget\"><span style=\"font-size:13px;\">Powered by: <a href=\"http:\/\/datasafe.pt\" target=\"_blank\" style=\"color:#5eaad1\">DATASAFE<\/a><\/span><\/div><\/div><\/div><\/div><\/div><\/div><\/div><\/div>","protected":false},"excerpt":{"rendered":"<p>Queijos Frescos O queijo fresco Flor do Vale \u00e9 fabricado diariamente de modo a garantir uma maior frescura e qualidade, com leite de vaca e cabra produzido e controlado desde a sua origem. De textura suave, mas firme, \u00e9 indicado para todas as idades, sendo uma importante e saud\u00e1vel fonte de c\u00e1lcio. Produzido com leite [&hellip;]<\/p>\n","protected":false},"author":1,"featured_media":0,"parent":0,"menu_order":0,"comment_status":"closed","ping_status":"closed","template":"","meta":{"footnotes":""},"class_list":["post-1186","page","type-page","status-publish","hentry"],"_links":{"self":[{"href":"http:\/\/flor-do-vale.pt\/index.php\/wp-json\/wp\/v2\/pages\/1186","targetHints":{"allow":["GET"]}}],"collection":[{"href":"http:\/\/flor-do-vale.pt\/index.php\/wp-json\/wp\/v2\/pages"}],"about":[{"href":"http:\/\/flor-do-vale.pt\/index.php\/wp-json\/wp\/v2\/types\/page"}],"author":[{"embeddable":true,"href":"http:\/\/flor-do-vale.pt\/index.php\/wp-json\/wp\/v2\/users\/1"}],"replies":[{"embeddable":true,"href":"http:\/\/flor-do-vale.pt\/index.php\/wp-json\/wp\/v2\/comments?post=1186"}],"version-history":[{"count":109,"href":"http:\/\/flor-do-vale.pt\/index.php\/wp-json\/wp\/v2\/pages\/1186\/revisions"}],"predecessor-version":[{"id":2652,"href":"http:\/\/flor-do-vale.pt\/index.php\/wp-json\/wp\/v2\/pages\/1186\/revisions\/2652"}],"wp:attachment":[{"href":"http:\/\/flor-do-vale.pt\/index.php\/wp-json\/wp\/v2\/media?parent=1186"}],"curies":[{"name":"wp","href":"https:\/\/api.w.org\/{rel}","templated":true}]}}