{"id":2260,"date":"2018-06-10T15:45:37","date_gmt":"2018-06-10T15:45:37","guid":{"rendered":"http:\/\/flor-do-vale.pt\/?page_id=2260"},"modified":"2018-06-10T16:05:26","modified_gmt":"2018-06-10T16:05:26","slug":"privacidade","status":"publish","type":"page","link":"http:\/\/flor-do-vale.pt\/index.php\/privacidade\/","title":{"rendered":"Privacidade"},"content":{"rendered":"<div id=\"pl-2260\"  class=\"panel-layout\" ><div id=\"pg-2260-0\"  class=\"panel-grid panel-has-style\" ><div class=\"panel-row-style panel-row-style-for-2260-0\" ><div id=\"pgc-2260-0-0\"  class=\"panel-grid-cell\" ><div id=\"panel-2260-0-0-0\" class=\"so-panel widget widget_sow-headline panel-first-child panel-last-child\" data-index=\"0\" ><div\n\t\t\t\n\t\t\tclass=\"so-widget-sow-headline so-widget-sow-headline-default-31a568073aa5-2260 so-widget-fittext-wrapper\"\n\t\t\t data-fit-text-compressor=\"0.85\"\n\t\t><div class=\"sow-headline-container \">\n\t\t\t\t\t\t\t<h1 class=\"sow-headline\">\n\t\t\t\t\t\tPol\u00edtica de Privacidade\t\t\t\t\t\t<\/h1>\n\t\t\t\t\t\t\t\t\t\t\t<div class=\"decoration\">\n\t\t\t\t\t\t<div class=\"decoration-inside\"><\/div>\n\t\t\t\t\t<\/div>\n\t\t\t\t\t<\/div>\n<\/div><\/div><\/div><\/div><\/div><div id=\"pg-2260-1\"  class=\"panel-grid panel-has-style\" ><div class=\"panel-row-style panel-row-style-for-2260-1\" ><div id=\"pgc-2260-1-0\"  class=\"panel-grid-cell\" ><div id=\"panel-2260-1-0-0\" class=\"so-panel widget widget_sow-editor panel-first-child panel-last-child\" data-index=\"1\" ><div\n\t\t\t\n\t\t\tclass=\"so-widget-sow-editor so-widget-sow-editor-base\"\n\t\t\t\n\t\t>\n<div class=\"siteorigin-widget-tinymce textwidget\">\n\t<p><span style=\"font-weight: 400;\">A prote\u00e7\u00e3o da sua Privacidade \u00e9 um dos nossos principais objetivos.<\/span><\/p>\n<p><span style=\"font-weight: 400;\">A presente Pol\u00edtica de Cookies e de Privacidade estabelece os termos e condi\u00e7\u00f5es ao abrigo dos quais a Flor do Vale - Queijaria Artesanal (<\/span><span style=\"font-weight: 400;\">doravante<\/span><span style=\"font-weight: 400;\"> \u201cFLOR DO VALE\u201d), com sede em Rua Vale Sim\u00e3o, n\u00ba66, Valado de Santa Quit\u00e9ria, 2460-207 Alfeizer\u00e3o, Alcoba\u00e7a, Portugal, <\/span><span style=\"font-weight: 400;\">est\u00e1 permanentemente empenhada na prote\u00e7\u00e3o online dos seus clientes e\/ou dos utilizadores da sua plataforma inform\u00e1tica.<\/span><\/p>\n<p><span style=\"font-weight: 400;\">O presente documento visa, assim, dar a conhecer a nossa Pol\u00edtica de Privacidade, e, em concreto os termos e condi\u00e7\u00f5es em que os seus dados pessoais s\u00e3o tratados no \u00e2mbito da presta\u00e7\u00e3o dos servi\u00e7os pela FLOR DO VALE, para que possa dar o seu consentimento de forma livre e esclarecida ao tratamento em causa quando tal for necess\u00e1rio \u00e0 presta\u00e7\u00e3o dos servi\u00e7os subscritos, conforme resulta do nosso website.<\/span><\/p>\n<p><span style=\"font-weight: 400;\">Por favor note que nas diversas p\u00e1ginas do website da FLOR DO VALE onde s\u00e3o recolhidos dados pessoais com vista \u00e0 presta\u00e7\u00e3o dos servi\u00e7os por n\u00f3s prestados, ser\u00e3o publicadas informa\u00e7\u00f5es espec\u00edficas nos termos do disposto no artigo 13\u00ba do REGULAMENTO (UE) 2016\/679 DO PARLAMENTO EUROPEU E DO CONSELHO de 27 de abril de 2016 relativo \u00e0 prote\u00e7\u00e3o das pessoas singulares no que diz respeito ao tratamento de dados pessoais e \u00e0 livre circula\u00e7\u00e3o desses dados e que revoga a Diretiva 95\/46\/CE - Regulamento Geral sobre a Prote\u00e7\u00e3o de Dados (doravante, \u201cRegulamento\u201d) para sua an\u00e1lise antes de fornecer os dados pessoais por n\u00f3s solicitados e recolhidos, conforme acima referido.<\/span><\/p>\n<p><span style=\"font-weight: 400;\">As informa\u00e7\u00f5es e dados pessoais por si ou a que tenhamos acesso no \u00e2mbito da presta\u00e7\u00e3o dos diversos servi\u00e7os pela FLOR DO VALE, ser\u00e3o tratadas em conformidade com as disposi\u00e7\u00f5es do Regulamento e com as obriga\u00e7\u00f5es de confidencialidade a que todos os colaboradores da FLOR DO VALE est\u00e3o contratual e legalmente vinculados.<\/span><\/p>\n<p><span style=\"font-weight: 400;\">De acordo com o disposto no Regulamento, o tratamento dos dados pessoais realizado pela FLOR DO VALE est\u00e1 sujeito aos princ\u00edpios da licitude, lealdade e transpar\u00eancia; da limita\u00e7\u00e3o das finalidades; da minimiza\u00e7\u00e3o dos dados e da exatid\u00e3o; da limita\u00e7\u00e3o da conserva\u00e7\u00e3o; da integridade e confidencialidade e da responsabilidade.<\/span><\/p>\n<p>&nbsp;<\/p>\n<ol>\n<li><b> RESPONS\u00c1VEL PELO TRATAMENTO E ENCARREGADO DE PROTEC\u00c7\u00c3O DE DADOS PESSOAIS<\/b><\/li>\n<\/ol>\n<p><span style=\"font-weight: 400;\">Integra a nossa estrutura organizativa um Encarregado de Prote\u00e7\u00e3o de dados pessoais (DPO) que estar\u00e1 dispon\u00edvel para lhe prestar qualquer informa\u00e7\u00e3o relativa ao tratamento dos seus dados pessoais pela FLOR DO VALE, incluindo a lista dos nossos subcontratantes em mat\u00e9ria de prote\u00e7\u00e3o de dados pessoais. \u00c9 poss\u00edvel contactar o DPO enviando um email para\u00a0<\/span><span style=\"font-weight: 400;\">geral@flor-do-vale.pt<\/span><\/p>\n<p>&nbsp;<\/p>\n<ol start=\"2\">\n<li><b> DADOS PESSOAIS TRATADOS<\/b><\/li>\n<\/ol>\n<p><span style=\"font-weight: 400;\">Como tratamento de dados pessoais, entendemos nos termos que resultam expressamente do Regulamento \u201cuma opera\u00e7\u00e3o ou um conjunto de opera\u00e7\u00f5es efetuadas sobre dados pessoais ou sobre conjuntos de dados pessoais, por meios automatizados ou n\u00e3o automatizados, tais como a recolha, o registo, a organiza\u00e7\u00e3o, a estrutura\u00e7\u00e3o, a conserva\u00e7\u00e3o, a adapta\u00e7\u00e3o ou altera\u00e7\u00e3o, a recupera\u00e7\u00e3o, a consulta, a utiliza\u00e7\u00e3o, a divulga\u00e7\u00e3o por transmiss\u00e3o, difus\u00e3o ou qualquer outra forma de disponibiliza\u00e7\u00e3o, a compara\u00e7\u00e3o ou interconex\u00e3o, a limita\u00e7\u00e3o, a elimina\u00e7\u00e3o ou a destrui\u00e7\u00e3o\u201d.<\/span><span style=\"font-weight: 400;\"><br \/>\n<\/span><span style=\"font-weight: 400;\">Note por favor que os dados pessoais por n\u00f3s recolhidos, dependendo das suas decis\u00f5es quanto aos servi\u00e7os a subscrever e ao respetivo modo de utiliza\u00e7\u00e3o (doravante apenas \"Dados Pessoais\").<\/span><\/p>\n<p><span style=\"font-weight: 400;\">Os dados pessoais tratados atrav\u00e9s do nosso website s\u00e3o os seguintes:<\/span><\/p>\n<p><span style=\"font-weight: 400;\">a) DADOS DE NAVEGA\u00c7\u00c3O<\/span><span style=\"font-weight: 400;\"><br \/>\n<\/span><span style=\"font-weight: 400;\">Os sistemas e os procedimentos de software utilizados para operar o nosso website adquirem, durante sua opera\u00e7\u00e3o normal, alguns dados pessoais cuja transmiss\u00e3o est\u00e1 impl\u00edcita no uso de protocolos de comunica\u00e7\u00e3o da Internet. Trata-se de informa\u00e7\u00f5es que n\u00e3o s\u00e3o recolhidas para serem associadas a partes interessadas identificadas, mas que, por sua pr\u00f3pria natureza, poderiam, atrav\u00e9s de processamento e associa\u00e7\u00e3o com dados mantidos por terceiros, permitir que os utilizadores fossem identificados. Esta categoria de dados inclui endere\u00e7os IP ou nomes de dom\u00ednio dos utilizadores que se conectam nosso website, os endere\u00e7os na nota\u00e7\u00e3o Uniform Resource Identifier (URI) dos recursos solicitados, a hora da solicita\u00e7\u00e3o, o m\u00e9todo usado para enviar a solicita\u00e7\u00e3o, solicita\u00e7\u00e3o ao servidor, o tamanho do arquivo obtido em resposta, o c\u00f3digo num\u00e9rico indicando o status da resposta dada pelo servidor (sucesso, erro, etc.) e outros par\u00e2metros relacionados com o sistema operacional. Estes dados s\u00e3o utilizados com o \u00fanico prop\u00f3sito de obter informa\u00e7\u00f5es estat\u00edsticas an\u00f3nimas sobre a utiliza\u00e7\u00e3o do nosso website e para verificar o seu correto funcionamento, para identificar anomalias e \/ ou abuso e s\u00e3o eliminados imediata e definitivamente ap\u00f3s o tratamento em causa. Os dados em causa podem ser utilizados para determinar a responsabilidade em caso de crimes contra a FLOR DO VALE ou terceiros cometidos atrav\u00e9s do nosso website.<\/span><\/p>\n<p><span style=\"font-weight: 400;\">b) COOKIES<\/span><span style=\"font-weight: 400;\"><br \/>\n<\/span><span style=\"font-weight: 400;\">Os cookies s\u00e3o pequenos ficheiros de texto que os portais online visitados pelo utilizador enviam e registam no seu computador ou dispositivo m\u00f3vel, para depois serem retransmitidos aos mesmos portais online numa pr\u00f3xima visita. Gra\u00e7as aos cookies, o portal online recorda as a\u00e7\u00f5es e as prefer\u00eancias do utilizador (como, por exemplo, os dados de login, o idioma escolhido, o tamanho da letra e outras configura\u00e7\u00f5es de visualiza\u00e7\u00e3o, etc.) de forma a serem mostradas novamente quando o utilizador voltar a visitar esse portal online ou navegar de uma p\u00e1gina para outra. Os cookies s\u00e3o, assim, usados para executar autentica\u00e7\u00f5es inform\u00e1ticas, monitoriza\u00e7\u00e3o de sess\u00f5es e armazenamento de informa\u00e7\u00f5es sobre as atividades dos utilizadores que acedem a um e possam conter tamb\u00e9m um c\u00f3digo de identifica\u00e7\u00e3o \u00fanico que permite monitorizar a navega\u00e7\u00e3o do utilizador dentro do pr\u00f3prio portal online para fins estat\u00edsticos ou publicit\u00e1rios. Durante a navega\u00e7\u00e3o num portal online, o utilizador pode tamb\u00e9m receber no seu computador ou dispositivo m\u00f3vel cookies de portais online ou de servidores da web diferentes daqueles que est\u00e1 a visitar (os chamados \"cookies de terceiros\"). Algumas opera\u00e7\u00f5es n\u00e3o poder\u00e3o ser realizadas sem o uso de cookies, que, em alguns casos s\u00e3o assim tecnicamente necess\u00e1rios para o pr\u00f3prio funcionamento do portal online.<\/span><span style=\"font-weight: 400;\"><br \/>\n<\/span><span style=\"font-weight: 400;\">Existem v\u00e1rios tipos de cookies, consoante as suas caracter\u00edsticas e fun\u00e7\u00f5es, e estes podem permanecer no computador ou dispositivo m\u00f3vel do utilizador por diferentes per\u00edodos de tempo: os chamados cookies de sess\u00e3o, que s\u00e3o automaticamente eliminados quando o navegador \u00e9 fechado; os chamados cookies persistentes, que permanecem no equipamento do utilizador at\u00e9 um prazo pr\u00e9-determinado.<\/span><\/p>\n<p><span style=\"font-weight: 400;\">De acordo com a legisla\u00e7\u00e3o em vigor em Portugal, para a utiliza\u00e7\u00e3o de cookies nem sempre \u00e9 necess\u00e1rio um consentimento expresso por parte do utilizador. Em particular, n\u00e3o exigem esse consentimento os \"cookies t\u00e9cnicos\", ou seja, aqueles usados com o \u00fanico prop\u00f3sito de transmitir uma comunica\u00e7\u00e3o atrav\u00e9s de uma rede de comunica\u00e7\u00f5es eletr\u00f3nicas, ou na medida do estritamente necess\u00e1rio para prestar um servi\u00e7o expressamente solicitado pelo utilizador. Trata-se, por outras palavras, de cookies indispens\u00e1veis para o funcionamento do portal online ou necess\u00e1rios para realizar atividades solicitadas pelo utilizador, nomeadamente: os \"cookies analytics\" quando utilizados diretamente pelo gestor do portal online para recolher informa\u00e7\u00f5es, de forma agregada, sobre o n\u00famero dos utilizadores e sobre a forma como estes visitam o s\u00edtio web, os cookies de navega\u00e7\u00e3o ou de sess\u00e3o (para autenticar-se), os cookies de funcionalidade que permitem ao utilizador a navega\u00e7\u00e3o em fun\u00e7\u00e3o de uma s\u00e9rie de crit\u00e9rios selecionados (por exemplo, o idioma, os produtos selecionados para compra) a fim de melhorar o servi\u00e7o prestado ao mesmo. Para os \"cookies de cria\u00e7\u00e3o de perfil\", vice-versa, ou seja, aqueles destinados a criar perfis relativos ao utilizador e usados para enviar mensagens publicit\u00e1rias em conson\u00e2ncia com as prefer\u00eancias expressas pelo mesmo no \u00e2mbito da navega\u00e7\u00e3o na internet, \u00e9 necess\u00e1rio um consentimento pr\u00e9vio do utilizador.<\/span><span style=\"font-weight: 400;\"><br \/>\n<\/span><span style=\"font-weight: 400;\">Existem v\u00e1rios cookies que podem ser desmarcados, com exce\u00e7\u00e3o dos cookies de terceiros em rela\u00e7\u00e3o aos quais o utilizador deve referir-se diretamente \u00e0s respetivas modalidades de marca\u00e7\u00e3o e desmarca\u00e7\u00e3o dos respetivos cookies, indicadas atrav\u00e9s das liga\u00e7\u00f5es:<\/span><\/p>\n<ul>\n<li style=\"font-weight: 400;\"><span style=\"font-weight: 400;\">Cookies essenciais: de navega\u00e7\u00e3o ou sess\u00e3o e estritamente necess\u00e1rios para o funcionamento do portal online ou para permitir ao utilizador usar os conte\u00fados e servi\u00e7os por si solicitados.<\/span><\/li>\n<li style=\"font-weight: 400;\"><span style=\"font-weight: 400;\">Cookies analytics, que permitem compreender a forma como o portal online \u00e9 utilizado pelos utilizadores. Com estes cookies n\u00e3o s\u00e3o recolhidas informa\u00e7\u00f5es sobre a identidade do utilizador, nem nenhum dado pessoal.<\/span><span style=\"font-weight: 400;\"><br \/>\n<\/span><span style=\"font-weight: 400;\">As informa\u00e7\u00f5es s\u00e3o tratadas de forma agregada e an\u00f3nima.<\/span><\/li>\n<li style=\"font-weight: 400;\"><span style=\"font-weight: 400;\">Cookies de funcionalidade, isto \u00e9 utilizados para ativar funcionalidades espec\u00edficas do portal online e uma s\u00e9rie de crit\u00e9rios selecionados (por exemplo, o idioma, os produtos selecionados para compra) a fim de melhorar o servi\u00e7o prestado.<\/span><\/li>\n<li style=\"font-weight: 400;\"><span style=\"font-weight: 400;\">Cookies de cria\u00e7\u00e3o de perfil, utilizados para enviar mensagens publicit\u00e1rias em conson\u00e2ncia com as prefer\u00eancias manifestadas pelo utilizador no \u00e2mbito da navega\u00e7\u00e3o na internet.<\/span><\/li>\n<li style=\"font-weight: 400;\"><span style=\"font-weight: 400;\">Cookies de terceiros, ou seja, cookies de portais online ou de servidores da web diferentes dos do Titular, utilizados para fins pr\u00f3prios desses terceiros, incluindo tamb\u00e9m os cookies de cria\u00e7\u00e3o de perfil. Precisa-se, que esses terceiros, elencados a seguir com as respetivas liga\u00e7\u00f5es para as pol\u00edticas de privacidade, s\u00e3o titulares independentes do tratamento dos dados recolhidos atrav\u00e9s dos cookies servidos por esses; portanto, o utilizador deve consultar as suas pol\u00edticas de tratamento de dados pessoais, informa\u00e7\u00f5es e formul\u00e1rios de consentimento (marca\u00e7\u00e3o e desmarca\u00e7\u00e3o dos respetivos cookies). Como complemento note-se tamb\u00e9m que a FLOR DO VALE faz aquilo que lhe \u00e9 razoavelmente exig\u00edvel para poder monitorizar os cookies no seu portal online. Estes s\u00e3o atualizados numa base regular na p\u00e1gina de destino na liga\u00e7\u00e3o indicado a seguir, onde damos transpar\u00eancia sobre cookies enviados diretamente pela FLOR DO VALE e sobre a sua finalidade, e, com refer\u00eancia espec\u00edfica aos cookies enviados por terceiros atrav\u00e9s do nosso portal online. Relativamente a esses cookies, fornecemos a seguir as liga\u00e7\u00f5es para declara\u00e7\u00f5es sobre a privacidades dos terceiros: a esses terceiros, como j\u00e1 salientado, atribu\u00edmos a responsabilidade de fornecer a declara\u00e7\u00e3o sobre a privacidade e recolher o consentimento dos utilizadores. Essa responsabilidade refere-se n\u00e3o s\u00f3 aos cookies que os terceiros enviam diretamente, mas tamb\u00e9m a quaisquer cookies adicionais que s\u00e3o enviados atrav\u00e9s do nosso portal online em virtude da utiliza\u00e7\u00e3o de servi\u00e7os dos quais os pr\u00f3prios terceiros beneficiam. Relativamente a esses cookies, enviados por prestadores de servi\u00e7os desses terceiros, a FLOR DO VALE n\u00e3o pode exercer qualquer controlo e n\u00e3o conhece nem as suas caracter\u00edsticas nem as suas finalidades.<\/span><\/li>\n<\/ul>\n<p><span style=\"font-weight: 400;\">A seguir s\u00e3o indicadas as liga\u00e7\u00f5es para as informa\u00e7\u00f5es sobre cookies de terceiros.<\/span><\/p>\n<p><a href=\"https:\/\/policies.google.com\/technologies\/types?hl=pt-PT\"><span style=\"font-weight: 400;\">GOOGLE<\/span><\/a><\/p>\n<p>&nbsp;<\/p>\n<p><span style=\"font-weight: 400;\">No quadro a seguir s\u00e3o indicados, de forma pormenorizada, os cookies enviados pela <\/span><span style=\"font-weight: 400;\">FLOR DO VALE<\/span><span style=\"font-weight: 400;\"> atrav\u00e9s da sua p\u00e1gina Web:<\/span><\/p>\n<p>&nbsp;<\/p>\n<table>\n<tbody>\n<tr>\n<td><span style=\"font-weight: 400;\">NOME DOS COOKIE E NOME T\u00c9CNICO DOS COOKIES<\/span><\/td>\n<td><span style=\"font-weight: 400;\">FUNCIONAMENTO E FINALIDADE<\/span><\/td>\n<td><span style=\"font-weight: 400;\">TEMPO DE PERSIST\u00caNCIA<\/span><\/td>\n<\/tr>\n<tr>\n<td><span style=\"font-weight: 400;\">__cfduid<\/span><\/td>\n<td><span style=\"font-weight: 400;\">Anti-Spam<\/span><\/td>\n<td><span style=\"font-weight: 400;\">1 Ano<\/span><\/td>\n<\/tr>\n<tr>\n<td><span style=\"font-weight: 400;\">eucookielaw<\/span><\/td>\n<td><span style=\"font-weight: 400;\">Banner Cookies<\/span><\/td>\n<td><span style=\"font-weight: 400;\">1 M\u00eas<\/span><\/td>\n<\/tr>\n<tr>\n<td><span style=\"font-weight: 400;\">pll_language<\/span><\/td>\n<td><span style=\"font-weight: 400;\">Multilingua<\/span><\/td>\n<td><span style=\"font-weight: 400;\">1 Ano<\/span><\/td>\n<\/tr>\n<tr>\n<td><span style=\"font-weight: 400;\">tk_tc<\/span><\/td>\n<td><span style=\"font-weight: 400;\">Token<\/span><\/td>\n<td><span style=\"font-weight: 400;\">N\/A<\/span><\/td>\n<\/tr>\n<tr>\n<td><span style=\"font-weight: 400;\">wordpress_test_cookie<\/span><\/td>\n<td><span style=\"font-weight: 400;\">Teste<\/span><\/td>\n<td><span style=\"font-weight: 400;\">N\/A<\/span><\/td>\n<\/tr>\n<\/tbody>\n<\/table>\n<p>&nbsp;<\/p>\n<p><span style=\"font-weight: 400;\">Instru\u00e7\u00f5es de gest\u00e3o dos Cookies nos principais navegadores:<\/span><\/p>\n<p><a href=\"https:\/\/support.microsoft.com\/it-it\/help\/17442\/windows-internet-explorer-delete-manage-cookies\"><span style=\"font-weight: 400;\">Internet Explorer<\/span><\/a><\/p>\n<p><a href=\"https:\/\/www.mozilla.org\/pt-BR\/privacy\/websites\/#cookies\"><span style=\"font-weight: 400;\">Firefox<\/span><\/a><\/p>\n<p><a href=\"https:\/\/support.google.com\/chrome\/answer\/95647?hl=pt&amp;topic=14666&amp;ctx=topic\"><span style=\"font-weight: 400;\">Chrome<\/span><\/a><\/p>\n<p><a href=\"https:\/\/www.apple.com\/legal\/privacy\/en-ww\/\"><span style=\"font-weight: 400;\">Safari<\/span><\/a><\/p>\n<p>&nbsp;<\/p>\n<p><span style=\"font-weight: 400;\">Configura\u00e7\u00f5es relativas aos cookies<\/span><span style=\"font-weight: 400;\"><br \/>\n<\/span><span style=\"font-weight: 400;\">O utilizador poder\u00e1 bloquear ou eliminar (na totalidade ou parcialmente) os cookies essenciais ou de funcionalidade atrav\u00e9s de fun\u00e7\u00f5es espec\u00edficas do seu navegador. Informa-se, no entanto, o utilizador que a n\u00e3o autoriza\u00e7\u00e3o dos cookies essenciais poder\u00e1 impossibilitar a utiliza\u00e7\u00e3o do portal online, a visualiza\u00e7\u00e3o dos seus conte\u00fados e a utiliza\u00e7\u00e3o dos respetivos servi\u00e7os. Inibir os cookies de funcionalidade poder\u00e1 implicar que alguns servi\u00e7os ou determinadas fun\u00e7\u00f5es do portal online n\u00e3o estejam dispon\u00edveis ou n\u00e3o funcionem corretamente e o utilizador poder\u00e1 ser obrigado a alterar ou a inserir manualmente algumas informa\u00e7\u00f5es ou prefer\u00eancias cada vez que visitar o portal online<\/span><\/p>\n<p>&nbsp;<\/p>\n<ol start=\"3\">\n<li><b> FINALIDADE DO TRATAMENTO DOS DADOS PESSOAIS<\/b><\/li>\n<\/ol>\n<p><span style=\"font-weight: 400;\">O tratamento dos dados pessoais que pretendemos realizar, com o seu consentimento espec\u00edfico e expresso quando necess\u00e1rio, tem as seguintes finalidades:<\/span><\/p>\n<p><span style=\"font-weight: 400;\">a) Permitir a presta\u00e7\u00e3o dos Servi\u00e7os por si solicitados, incluindo a recolha, o armazenamento e o tratamento de dados para fins de gest\u00e3o operacional, t\u00e9cnica e administrativa da rela\u00e7\u00e3o comercial e contratual relacionada com a presta\u00e7\u00e3o dos Servi\u00e7os e com vista \u00e0 realiza\u00e7\u00e3o de comunica\u00e7\u00f5es relacionadas com a referida rela\u00e7\u00e3o da FLOR DO VALE com o cliente;<\/span><\/p>\n<p><span style=\"font-weight: 400;\">b) Permitir a navega\u00e7\u00e3o e consulta do website da FLOR DO VALE;<\/span><\/p>\n<p><span style=\"font-weight: 400;\">c) Responder a pedidos de assist\u00eancia ou informa\u00e7\u00e3o, que a FLOR DO VALE pode receber via e-mail, telefone ou atrav\u00e9s do formul\u00e1rio apropriado dispon\u00edvel no seu website. No que respeita a respostas a pedidos de assist\u00eancia recebidos pela FLOR DO VALE atrav\u00e9s do telefone, informamos que as chamadas podem ser gravadas para que a FLOR DO VALE possa mostrar que processou corretamente as suas solicita\u00e7\u00f5es;<\/span><\/p>\n<p><span style=\"font-weight: 400;\">d) Cumprir obriga\u00e7\u00f5es legais, contabil\u00edsticas e tribut\u00e1rias;<\/span><\/p>\n<p><span style=\"font-weight: 400;\">e) Enviar comunica\u00e7\u00f5es de marketing direto (atrav\u00e9s do envio de comunica\u00e7\u00f5es eletr\u00f3nicas) relativas a servi\u00e7os semelhantes aos j\u00e1 subscritos pelo Cliente, exceto em caso de oposi\u00e7\u00e3o inicial ou quanto a comunica\u00e7\u00f5es posteriores. Por favor note que caso se trate de pessoa coletiva, a FLOR DO VALE poder\u00e1 enviar comunica\u00e7\u00f5es eletr\u00f3nicas para fins de marketing direto relativas a bens e servi\u00e7os prestados pela pr\u00f3pria ou por empresa do mesmo Grupo, exceto se o Cliente recusar expressamente a rece\u00e7\u00e3o futura deste tipo de comunica\u00e7\u00f5es e se inscrever na lista nacional de pessoas coletivas que manifestem expressamente opor-se \u00e0 rece\u00e7\u00e3o de comunica\u00e7\u00f5es n\u00e3o solicitadas para fins de marketing direto.<\/span><\/p>\n<p><span style=\"font-weight: 400;\">f) Elaborar estudos, pesquisas, estat\u00edsticas de mercado; de maneira a poder enviar material publicit\u00e1rio, informa\u00e7\u00f5es ou inqu\u00e9ritos de satisfa\u00e7\u00e3o com vista \u00e0 melhoria da qualidade do servi\u00e7o prestado atrav\u00e9s de comunica\u00e7\u00f5es eletr\u00f3nicas e\/ou chamadas telef\u00f3nicas, ou ainda atrav\u00e9s das p\u00e1ginas oficiais da FLOR DO VALE nas redes sociais;<\/span><\/p>\n<p><span style=\"font-weight: 400;\">g) Para fazer propostas comerciais personalizadas com base nos produtos ou servi\u00e7os que adquiriu, ou sobre os quais mostrou interesse. Esse processo \u00e9 necess\u00e1rio para fins de interesse leg\u00edtimo do respons\u00e1vel pelo tratamento de dados em personalizar suas propostas comerciais. Poder\u00e1 opor-se a este processo enviando o seu pedido \u00e0 FLOR DO VALE atrav\u00e9s do seguinte e-mail:\u00a0<\/span><span style=\"font-weight: 400;\">geral@flor-do-vale.pt<\/span><\/p>\n<p><span style=\"font-weight: 400;\">h) Para fins exclusivos de seguran\u00e7a e preven\u00e7\u00e3o de comportamento fraudulento.<\/span><\/p>\n<p>&nbsp;<\/p>\n<ol start=\"4\">\n<li><b> FUNDAMENTO DO TRATAMENTO E SUA NATUREZA OBRIGAT\u00d3RIA OU FACULTATIVA<\/b><\/li>\n<\/ol>\n<p><span style=\"font-weight: 400;\">O fundamento legal para tratar os dados pessoais para as finalidades indicadas nos pontos a), b) e c) da cl\u00e1usula anterior \u00e9 o que consta da al\u00ednea b) do n.\u00ba 1 do artigo 6\u00ba do Regulamento, uma vez que o tratamento em causa \u00e9 necess\u00e1rio para a presta\u00e7\u00e3o dos Servi\u00e7os subscritos pelo Cliente. Note por favor que o fornecimento de dados pessoais para essas finalidades \u00e9 facultativo, no entanto, o n\u00e3o fornecimento dos mesmos torna imposs\u00edvel a presta\u00e7\u00e3o dos Servi\u00e7os pela FLOR DO VALE.<\/span><span style=\"font-weight: 400;\"><br \/>\n<\/span><span style=\"font-weight: 400;\">A finalidade indicada no ponto d) acima traduz um tratamento leg\u00edtimo de dados pessoais nos termos da al\u00ednea c) do n.\u00ba 1 do artigo 6\u00ba do Regulamento, uma vez que tal tratamento \u00e9 necess\u00e1rio para que a FLOR DO VALE possa cumprir obriga\u00e7\u00f5es legais a que est\u00e1 sujeita.<\/span><span style=\"font-weight: 400;\"><br \/>\n<\/span><span style=\"font-weight: 400;\">O tratamento de dados pessoais efetuado para fins de marketing funda-se no consentimento expresso e inequ\u00edvoco do Cliente, em conformidade com o disposto na al\u00ednea a) do n.\u00ba 1 do artigo 6\u00ba e na al\u00ednea c) do n.\u00ba 2 do artigo 22\u00ba do Regulamento. O fornecimento dos seus dados pessoais para essa finalidade \u00e9, deste modo, opcional. Caso pretenda opor-se ao tratamento dos seus dados pessoais para fins de marketing direto, poder\u00e1 faz\u00ea-lo a qualquer momento, enviando o seu pedido \u00e0 FLOR DO VALE atrav\u00e9s do seguinte e-mail: <\/span><span style=\"font-weight: 400;\">geral@flor-do-vale.pt<\/span><\/p>\n<p><span style=\"font-weight: 400;\">A finalidade referida no ponto h) acima tem como fundamento o interesse leg\u00edtimo da FLOR DO VALE em detetar fraudes cometidas contra si, em conformidade com o disposto na al\u00ednea f) do n.\u00ba 1 do artigo 6\u00ba do Regulamento.<\/span><\/p>\n<p>&nbsp;<\/p>\n<ol start=\"5\">\n<li><b> DESTINAT\u00c1RIOS DOS DADOS PESSOAIS<\/b><\/li>\n<\/ol>\n<p><span style=\"font-weight: 400;\">Os seus dados pessoais poder\u00e3o ser comunicados, para as finalidades acima descritas \u00e0s seguintes entidades:<\/span><\/p>\n<p><span style=\"font-weight: 400;\">a) sujeitos que normalmente atuam como subcontratantes, ou seja: pessoas singulares ou coletivas que prestam assist\u00eancia e aconselhamento \u00e0 FLOR DO VALE em quest\u00f5es contabil\u00edsticas, administrativas, jur\u00eddicas, fiscais, finanOs seus dados pessoais poder\u00e3o ser comunicados, para as finalidades acima descritas \u00e0s seguintes entidades:ceiras e de recupera\u00e7\u00e3o de cr\u00e9dito; entidades com os quais \u00e9 necess\u00e1rio interagir com vista \u00e0 presta\u00e7\u00e3o dos Servi\u00e7os ou pessoas que exer\u00e7am fun\u00e7\u00f5es de manuten\u00e7\u00e3o t\u00e9cnica (incluindo manuten\u00e7\u00e3o de equipamentos e das comunica\u00e7\u00f5es eletr\u00f3nicas);<\/span><\/p>\n<p><span style=\"font-weight: 400;\">b) Entidades a que a FLOR DO VALE deva comunicar os dados pessoais em conformidade com o disposto na legisla\u00e7\u00e3o aplic\u00e1vel e\/ou em resposta a solicita\u00e7\u00f5es de autoridades competentes, devidamente fundamentadas para o efeito;<\/span><\/p>\n<p><span style=\"font-weight: 400;\">c) Pessoas autorizadas pela FLOR DO VALE a tratar os dados pessoais estritamente necess\u00e1rios para realizar opera\u00e7\u00f5es relacionadas com a presta\u00e7\u00e3o dos Servi\u00e7os, as quais est\u00e3o vinculadas contratual e\/ou legalmente a deveres de confidencialidade e sigilo profissional;<\/span><\/p>\n<p><span style=\"font-weight: 400;\">d) Parceiros de neg\u00f3cios para os fins espec\u00edficos apenas no caso de o Cliente ter prestado o seu consentimento expresso, inequ\u00edvoco e espec\u00edfico para o efeito.<\/span><span style=\"font-weight: 400;\"><br \/>\n<\/span><span style=\"font-weight: 400;\">Pode pedir, por escrito, uma lista de respons\u00e1veis por tratamento de dados com que a FLOR DO VALE se relaciona relativamente aos seus dados pessoais, enviando o seu pedido \u00e0 FLOR DO VALE atrav\u00e9s do seguinte e-mail:\u00a0<\/span><span style=\"font-weight: 400;\">geral@flor-do-vale.pt<\/span><\/p>\n<p>&nbsp;<\/p>\n<ol start=\"6\">\n<li><b> CONSERVA\u00c7\u00c3O DOS DADOS PESSOAIS<\/b><\/li>\n<\/ol>\n<p><span style=\"font-weight: 400;\">Os dados pessoais tratados para as finalidades indicadas na cl\u00e1usula 3 ser\u00e3o conservados pelo per\u00edodo de tempo estritamente necess\u00e1rio para a realiza\u00e7\u00e3o dessas mesmas finalidades.<\/span><span style=\"font-weight: 400;\"><br \/>\n<\/span><span style=\"font-weight: 400;\">Assim, s\u00e3o os seguintes os prazos de conserva\u00e7\u00e3o dos seguintes dados pessoais do cliente:<\/span><span style=\"font-weight: 400;\"><br \/>\n<\/span><span style=\"font-weight: 400;\">Dados pessoais tratados para fins de marketing quando o contrato entre a FLOR DO VALE e os titulares de dados pessoais j\u00e1 n\u00e3o est\u00e1 em vigor: esses dados podem ser conservados at\u00e9 o titular dos dados revogar o consentimento prestado. Todavia, a FLOR DO VALE estabeleceu que deve apag\u00e1-los dois anos ap\u00f3s a presta\u00e7\u00e3o de consentimento e ap\u00f3s a cessa\u00e7\u00e3o do contrato de presta\u00e7\u00e3o de servi\u00e7os.<\/span><span style=\"font-weight: 400;\"><br \/>\n<\/span><span style=\"font-weight: 400;\">Dados pessoais dos clientes disponibilizados aquando da contrata\u00e7\u00e3o: este tipo de dados pessoais ser\u00e1 conservado por dez anos, se respeitar a dados relativos \u00e0 factura\u00e7\u00e3o dos servi\u00e7os e 5 anos ap\u00f3s a cessa\u00e7\u00e3o do contrato se a justifica\u00e7\u00f5es da sua conserva\u00e7\u00e3o respeitar apenas \u00e0 necessidade de a FLOR DO VALE se defender contra uma reivindica\u00e7\u00e3o legal baseada em responsabilidade contratual ou extra-contratual.<\/span><span style=\"font-weight: 400;\"><br \/>\n<\/span><span style=\"font-weight: 400;\">Dados pessoais relevantes para o cumprimento de obriga\u00e7\u00f5es fiscais: Tais dados ser\u00e3o apagados ap\u00f3s 10 anos de conserva\u00e7\u00e3o, nos termos da Lei Fiscal.<\/span><\/p>\n<p>&nbsp;<\/p>\n<ol start=\"7\">\n<li><b> DIREITOS DOS TITULARES DOS DADOS PESSOAIS<\/b><\/li>\n<\/ol>\n<p><span style=\"font-weight: 400;\">O Cliente tem o direito de solicitar \u00e0 FLOR DO VALE, a qualquer momento, o acesso aos seus dados pessoais, a respetiva atualiza\u00e7\u00e3o ou elimina\u00e7\u00e3o, nos termos do disposto no Regulamento. Tem ainda o direito de solicitar a limita\u00e7\u00e3o do tratamento dos seus dados pessoais, em conformidade com o disposto no artigo 18\u00ba do Regulamento, bem como o direito de obter os seus dados pessoais em formato estruturado, de uso comum e leg\u00edvel por dispositivo autom\u00e1tico, nos casos previstos no artigo 20\u00ba do Regulamento.<\/span><span style=\"font-weight: 400;\"><br \/>\n<\/span><span style=\"font-weight: 400;\">As solicita\u00e7\u00f5es em causa dever\u00e3o ser enviadas por escrito para o endere\u00e7o de e-mail:<\/span><span style=\"font-weight: 400;\">geral@flor-do-vale.pt<\/span><span style=\"font-weight: 400;\"><br \/>\n<\/span><span style=\"font-weight: 400;\">Caso entenda que o tratamento dos seus dados pessoais viola o disposto na legisla\u00e7\u00e3o aplic\u00e1vel, poder\u00e1 apresentar uma reclama\u00e7\u00e3o junto da autoridade de controlo competente, de acordo com o disposto no Regulamento.<\/span><\/p>\n<p>&nbsp;<\/p>\n<ol start=\"8\">\n<li><b> VIG\u00caNCIA<\/b><\/li>\n<\/ol>\n<p><span style=\"font-weight: 400;\">Esta pol\u00edtica de privacidade est\u00e1 em vigor desde 25 de maio de 2018.<\/span><span style=\"font-weight: 400;\"><br \/>\n<\/span><span style=\"font-weight: 400;\">A FLOR DO VALE reserva-se ao direito de modificar ou simplesmente atualizar, parcial ou integralmente o respetivo conte\u00fado, com vista ao cumprimento da legisla\u00e7\u00e3o aplic\u00e1vel e em vigor a cada momento. A FLOR DO VALE ir\u00e1 inform\u00e1-lo sobre essas altera\u00e7\u00f5es assim que as mesmas forem introduzidas e estas ser\u00e3o vinculativas assim que forem publicadas no website da FLOR DO VALE, pelo que dever\u00e1 verifica-lo periodicamente de modo a tomar conhecimento da vers\u00e3o mais atualizada em cada momento da presente Pol\u00edtica de Privacidade e, em concreto, sobre o tratamento dos seus dados pessoais realizado pela FLOR DO VALE.<\/span><\/p>\n<p>&nbsp;<\/p>\n<\/div>\n<\/div><\/div><\/div><\/div><\/div><div id=\"pg-2260-2\"  class=\"panel-grid panel-has-style\" ><div class=\"siteorigin-panels-stretch panel-row-style panel-row-style-for-2260-2\" data-stretch-type=\"full-stretched\" ><div id=\"pgc-2260-2-0\"  class=\"panel-grid-cell\" ><div id=\"panel-2260-2-0-0\" class=\"widget_text so-panel widget widget_custom_html panel-first-child panel-last-child\" data-index=\"2\" ><div class=\"widget_text panel-widget-style panel-widget-style-for-2260-2-0-0\" ><div class=\"textwidget custom-html-widget\"><span style=\"font-size:13px;\">Copyright \u00a9 2018 Queijaria Flor do Vale. Todos os direitos reservados.<\/span>\n<br\/>\n<span style=\"font-size:13px;\"><a href=\"http:\/\/flor-do-vale.pt\/index.php\/privacidade\/\" style=\"color:#fff;\"><u>Pol\u00edtica de Privacidade<\/u><\/a><\/span>\n<\/div><\/div><\/div><\/div><div id=\"pgc-2260-2-1\"  class=\"panel-grid-cell\" ><div id=\"panel-2260-2-1-0\" class=\"widget_text so-panel widget widget_custom_html panel-first-child panel-last-child\" data-index=\"3\" ><div class=\"widget_text panel-widget-style panel-widget-style-for-2260-2-1-0\" ><div class=\"textwidget custom-html-widget\"><span style=\"font-size:13px;\">Powered by: <a href=\"http:\/\/datasafe.pt\" target=\"_blank\" style=\"color:#5eaad1\">DATASAFE<\/a><\/span><\/div><\/div><\/div><\/div><\/div><\/div><\/div>","protected":false},"excerpt":{"rendered":"<p>A prote\u00e7\u00e3o da sua Privacidade \u00e9 um dos nossos principais objetivos. A presente Pol\u00edtica de Cookies e de Privacidade estabelece os termos e condi\u00e7\u00f5es ao abrigo dos quais a Flor do Vale &#8211; Queijaria Artesanal (doravante \u201cFLOR DO VALE\u201d), com sede em Rua Vale Sim\u00e3o, n\u00ba66, Valado de Santa Quit\u00e9ria, 2460-207 Alfeizer\u00e3o, Alcoba\u00e7a, Portugal, est\u00e1 [&hellip;]<\/p>\n","protected":false},"author":1,"featured_media":0,"parent":0,"menu_order":0,"comment_status":"closed","ping_status":"closed","template":"","meta":{"footnotes":""},"class_list":["post-2260","page","type-page","status-publish","hentry"],"_links":{"self":[{"href":"http:\/\/flor-do-vale.pt\/index.php\/wp-json\/wp\/v2\/pages\/2260","targetHints":{"allow":["GET"]}}],"collection":[{"href":"http:\/\/flor-do-vale.pt\/index.php\/wp-json\/wp\/v2\/pages"}],"about":[{"href":"http:\/\/flor-do-vale.pt\/index.php\/wp-json\/wp\/v2\/types\/page"}],"author":[{"embeddable":true,"href":"http:\/\/flor-do-vale.pt\/index.php\/wp-json\/wp\/v2\/users\/1"}],"replies":[{"embeddable":true,"href":"http:\/\/flor-do-vale.pt\/index.php\/wp-json\/wp\/v2\/comments?post=2260"}],"version-history":[{"count":16,"href":"http:\/\/flor-do-vale.pt\/index.php\/wp-json\/wp\/v2\/pages\/2260\/revisions"}],"predecessor-version":[{"id":2288,"href":"http:\/\/flor-do-vale.pt\/index.php\/wp-json\/wp\/v2\/pages\/2260\/revisions\/2288"}],"wp:attachment":[{"href":"http:\/\/flor-do-vale.pt\/index.php\/wp-json\/wp\/v2\/media?parent=2260"}],"curies":[{"name":"wp","href":"https:\/\/api.w.org\/{rel}","templated":true}]}}