{"id":2480,"date":"2018-08-29T10:19:55","date_gmt":"2018-08-29T10:19:55","guid":{"rendered":"http:\/\/flor-do-vale.pt\/?page_id=2480"},"modified":"2018-10-11T14:30:51","modified_gmt":"2018-10-11T14:30:51","slug":"vacaria-do-valado","status":"publish","type":"page","link":"http:\/\/flor-do-vale.pt\/index.php\/historia\/vacaria-do-valado\/","title":{"rendered":"Vacaria do Valado"},"content":{"rendered":"<div id=\"pl-2480\"  class=\"panel-layout\" ><div id=\"pg-2480-0\"  class=\"panel-grid panel-no-style\" ><div id=\"pgc-2480-0-0\"  class=\"panel-grid-cell\" ><div id=\"panel-2480-0-0-0\" class=\"so-panel widget widget_sow-headline panel-first-child\" data-index=\"0\" ><div class=\"panel-widget-style panel-widget-style-for-2480-0-0-0\" ><div\n\t\t\t\n\t\t\tclass=\"so-widget-sow-headline so-widget-sow-headline-default-79fb05429eeb-2480 so-widget-fittext-wrapper\"\n\t\t\t data-fit-text-compressor=\"0.85\"\n\t\t><div class=\"sow-headline-container \">\n\t\t\t\t\t\t\t<h1 class=\"sow-headline\">\n\t\t\t\t\t\tVacaria do Valado\t\t\t\t\t\t<\/h1>\n\t\t\t\t\t\t\t\t\t\t\t<div class=\"decoration\">\n\t\t\t\t\t\t<div class=\"decoration-inside\"><\/div>\n\t\t\t\t\t<\/div>\n\t\t\t\t\t<\/div>\n<\/div><\/div><\/div><div id=\"panel-2480-0-0-1\" class=\"widget_text so-panel widget widget_custom_html panel-last-child\" data-index=\"1\" ><div class=\"widget_text panel-widget-style panel-widget-style-for-2480-0-0-1\" ><div class=\"textwidget custom-html-widget\"><p align=\"justify\">Com uma hist\u00f3ria que data o seu in\u00edcio em 1989, a Vacaria do Valado, situada no Valado de Santa Quit\u00e9ria, tem sofisticados meios t\u00e9cnicos que permitem controlar diariamente todo o processo de produ\u00e7\u00e3o de leite. O controlo da qualidade come\u00e7a logo no prado, desde o cereal que alimenta cada vaca, at\u00e9 \u00e0 recolha de leite que ser\u00e1 a mat\u00e9ria-prima principal da Flor do Vale.<\/p>\n<p align=\"justify\">A Vacaria do Valado encontra-se anexa \u00e0 Flor do Vale, podendo ver desde o vitelo rec\u00e9m-nascido \u00e0 vaca adulta, como se ordenha uma vaca, como se fornece a alimenta\u00e7\u00e3o e, ainda, para deleite dos mais pequenos, o aleitamento dos vitelos nos igloos.<\/p>\n<br>\n<br><\/div><\/div><\/div><\/div><\/div><div id=\"pg-2480-1\"  class=\"panel-grid panel-no-style\" ><div id=\"pgc-2480-1-0\"  class=\"panel-grid-cell\" ><div id=\"panel-2480-1-0-0\" class=\"so-panel widget widget_media_image panel-first-child\" data-index=\"2\" ><a href=\"http:\/\/flor-do-vale.pt\/wp-content\/uploads\/2018\/08\/vacaria-3b.jpg\"><img loading=\"lazy\" decoding=\"async\" width=\"640\" height=\"428\" src=\"http:\/\/flor-do-vale.pt\/wp-content\/uploads\/2018\/08\/vacaria-3b.jpg\" class=\"image wp-image-2520  attachment-full size-full\" alt=\"\" style=\"max-width: 100%; height: auto;\" srcset=\"http:\/\/flor-do-vale.pt\/wp-content\/uploads\/2018\/08\/vacaria-3b.jpg 640w, http:\/\/flor-do-vale.pt\/wp-content\/uploads\/2018\/08\/vacaria-3b-300x201.jpg 300w, http:\/\/flor-do-vale.pt\/wp-content\/uploads\/2018\/08\/vacaria-3b-272x182.jpg 272w\" sizes=\"auto, (max-width: 640px) 100vw, 640px\" \/><\/a><\/div><div id=\"panel-2480-1-0-1\" class=\"so-panel widget widget_media_image panel-last-child\" data-index=\"3\" ><a href=\"http:\/\/flor-do-vale.pt\/wp-content\/uploads\/2018\/08\/v7.jpg\"><img loading=\"lazy\" decoding=\"async\" width=\"900\" height=\"600\" src=\"http:\/\/flor-do-vale.pt\/wp-content\/uploads\/2018\/08\/v7.jpg\" class=\"image wp-image-2609  attachment-full size-full\" alt=\"\" style=\"max-width: 100%; height: auto;\" srcset=\"http:\/\/flor-do-vale.pt\/wp-content\/uploads\/2018\/08\/v7.jpg 900w, http:\/\/flor-do-vale.pt\/wp-content\/uploads\/2018\/08\/v7-300x200.jpg 300w, http:\/\/flor-do-vale.pt\/wp-content\/uploads\/2018\/08\/v7-768x512.jpg 768w, http:\/\/flor-do-vale.pt\/wp-content\/uploads\/2018\/08\/v7-272x182.jpg 272w\" sizes=\"auto, (max-width: 900px) 100vw, 900px\" \/><\/a><\/div><\/div><div id=\"pgc-2480-1-1\"  class=\"panel-grid-cell\" ><div id=\"panel-2480-1-1-0\" class=\"so-panel widget widget_media_image panel-first-child\" data-index=\"4\" ><a href=\"http:\/\/flor-do-vale.pt\/wp-content\/uploads\/2018\/08\/v5.jpg\"><img loading=\"lazy\" decoding=\"async\" width=\"900\" height=\"600\" src=\"http:\/\/flor-do-vale.pt\/wp-content\/uploads\/2018\/08\/v5.jpg\" class=\"image wp-image-2607  attachment-full size-full\" alt=\"\" style=\"max-width: 100%; height: auto;\" srcset=\"http:\/\/flor-do-vale.pt\/wp-content\/uploads\/2018\/08\/v5.jpg 900w, http:\/\/flor-do-vale.pt\/wp-content\/uploads\/2018\/08\/v5-300x200.jpg 300w, http:\/\/flor-do-vale.pt\/wp-content\/uploads\/2018\/08\/v5-768x512.jpg 768w, http:\/\/flor-do-vale.pt\/wp-content\/uploads\/2018\/08\/v5-272x182.jpg 272w\" sizes=\"auto, (max-width: 900px) 100vw, 900px\" \/><\/a><\/div><div id=\"panel-2480-1-1-1\" class=\"so-panel widget widget_media_image panel-last-child\" data-index=\"5\" ><a href=\"http:\/\/flor-do-vale.pt\/wp-content\/uploads\/2018\/08\/v4.jpg\"><img loading=\"lazy\" decoding=\"async\" width=\"900\" height=\"600\" src=\"http:\/\/flor-do-vale.pt\/wp-content\/uploads\/2018\/08\/v4.jpg\" class=\"image wp-image-2606  attachment-full size-full\" alt=\"\" style=\"max-width: 100%; height: auto;\" srcset=\"http:\/\/flor-do-vale.pt\/wp-content\/uploads\/2018\/08\/v4.jpg 900w, http:\/\/flor-do-vale.pt\/wp-content\/uploads\/2018\/08\/v4-300x200.jpg 300w, http:\/\/flor-do-vale.pt\/wp-content\/uploads\/2018\/08\/v4-768x512.jpg 768w, http:\/\/flor-do-vale.pt\/wp-content\/uploads\/2018\/08\/v4-272x182.jpg 272w\" sizes=\"auto, (max-width: 900px) 100vw, 900px\" \/><\/a><\/div><\/div><div id=\"pgc-2480-1-2\"  class=\"panel-grid-cell\" ><div id=\"panel-2480-1-2-0\" class=\"so-panel widget widget_media_image panel-first-child\" data-index=\"6\" ><a href=\"http:\/\/flor-do-vale.pt\/wp-content\/uploads\/2018\/08\/v3.jpg\"><img loading=\"lazy\" decoding=\"async\" width=\"900\" height=\"600\" src=\"http:\/\/flor-do-vale.pt\/wp-content\/uploads\/2018\/08\/v3.jpg\" class=\"image wp-image-2605  attachment-full size-full\" alt=\"\" style=\"max-width: 100%; height: auto;\" srcset=\"http:\/\/flor-do-vale.pt\/wp-content\/uploads\/2018\/08\/v3.jpg 900w, http:\/\/flor-do-vale.pt\/wp-content\/uploads\/2018\/08\/v3-300x200.jpg 300w, http:\/\/flor-do-vale.pt\/wp-content\/uploads\/2018\/08\/v3-768x512.jpg 768w, http:\/\/flor-do-vale.pt\/wp-content\/uploads\/2018\/08\/v3-272x182.jpg 272w\" sizes=\"auto, (max-width: 900px) 100vw, 900px\" \/><\/a><\/div><div id=\"panel-2480-1-2-1\" class=\"so-panel widget widget_media_image panel-last-child\" data-index=\"7\" ><a href=\"http:\/\/flor-do-vale.pt\/wp-content\/uploads\/2018\/09\/IMG_0126.jpg\"><img loading=\"lazy\" decoding=\"async\" width=\"4272\" height=\"2848\" src=\"http:\/\/flor-do-vale.pt\/wp-content\/uploads\/2018\/09\/IMG_0126.jpg\" class=\"image wp-image-2892  attachment-full size-full\" alt=\"\" style=\"max-width: 100%; height: auto;\" srcset=\"http:\/\/flor-do-vale.pt\/wp-content\/uploads\/2018\/09\/IMG_0126.jpg 4272w, http:\/\/flor-do-vale.pt\/wp-content\/uploads\/2018\/09\/IMG_0126-300x200.jpg 300w, http:\/\/flor-do-vale.pt\/wp-content\/uploads\/2018\/09\/IMG_0126-768x512.jpg 768w, http:\/\/flor-do-vale.pt\/wp-content\/uploads\/2018\/09\/IMG_0126-1024x683.jpg 1024w, http:\/\/flor-do-vale.pt\/wp-content\/uploads\/2018\/09\/IMG_0126-272x182.jpg 272w\" sizes=\"auto, (max-width: 4272px) 100vw, 4272px\" \/><\/a><\/div><\/div><\/div><div id=\"pg-2480-2\"  class=\"panel-grid panel-has-style\" ><div class=\"siteorigin-panels-stretch panel-row-style panel-row-style-for-2480-2\" data-stretch-type=\"full-stretched\" ><div id=\"pgc-2480-2-0\"  class=\"panel-grid-cell\" ><div class=\"panel-cell-style panel-cell-style-for-2480-2-0\" ><div id=\"panel-2480-2-0-0\" class=\"widget_text so-panel widget widget_custom_html panel-first-child panel-last-child\" data-index=\"8\" ><div class=\"widget_text panel-widget-style panel-widget-style-for-2480-2-0-0\" ><div class=\"textwidget custom-html-widget\">Copyright \u00a9 2018 Queijaria Flor do Vale. Todos os direitos reservados.<\/span>\n\nPol\u00edtica de Privacidade<\/u><\/a><\/span>\n<\/div><\/div><\/div><\/div><\/div><div id=\"pgc-2480-2-1\"  class=\"panel-grid-cell\" ><div class=\"panel-cell-style panel-cell-style-for-2480-2-1\" ><div id=\"panel-2480-2-1-0\" class=\"widget_text so-panel widget widget_custom_html panel-first-child panel-last-child\" data-index=\"9\" ><div class=\"widget_text panel-widget-style panel-widget-style-for-2480-2-1-0\" ><div class=\"textwidget custom-html-widget\">Powered by: DATASAFE<\/a><\/span><\/div><\/div><\/div><\/div><\/div><\/div><\/div><div id=\"pg-2480-3\"  class=\"panel-grid panel-no-style\" ><div id=\"pgc-2480-3-0\"  class=\"panel-grid-cell panel-grid-cell-empty\" ><\/div><\/div><\/div>","protected":false},"excerpt":{"rendered":"<p>Vacaria do Valado Com uma hist\u00f3ria que data o seu in\u00edcio em 1989, a Vacaria do Valado, situada no Valado de Santa Quit\u00e9ria, tem sofisticados meios t\u00e9cnicos que permitem controlar diariamente todo o processo de produ\u00e7\u00e3o de leite. O controlo da qualidade come\u00e7a logo no prado, desde o cereal que alimenta cada vaca, at\u00e9 \u00e0 [&hellip;]<\/p>\n","protected":false},"author":1,"featured_media":0,"parent":614,"menu_order":0,"comment_status":"closed","ping_status":"closed","template":"","meta":{"footnotes":""},"class_list":["post-2480","page","type-page","status-publish","hentry"],"_links":{"self":[{"href":"http:\/\/flor-do-vale.pt\/index.php\/wp-json\/wp\/v2\/pages\/2480","targetHints":{"allow":["GET"]}}],"collection":[{"href":"http:\/\/flor-do-vale.pt\/index.php\/wp-json\/wp\/v2\/pages"}],"about":[{"href":"http:\/\/flor-do-vale.pt\/index.php\/wp-json\/wp\/v2\/types\/page"}],"author":[{"embeddable":true,"href":"http:\/\/flor-do-vale.pt\/index.php\/wp-json\/wp\/v2\/users\/1"}],"replies":[{"embeddable":true,"href":"http:\/\/flor-do-vale.pt\/index.php\/wp-json\/wp\/v2\/comments?post=2480"}],"version-history":[{"count":57,"href":"http:\/\/flor-do-vale.pt\/index.php\/wp-json\/wp\/v2\/pages\/2480\/revisions"}],"predecessor-version":[{"id":2559,"href":"http:\/\/flor-do-vale.pt\/index.php\/wp-json\/wp\/v2\/pages\/2480\/revisions\/2559"}],"up":[{"embeddable":true,"href":"http:\/\/flor-do-vale.pt\/index.php\/wp-json\/wp\/v2\/pages\/614"}],"wp:attachment":[{"href":"http:\/\/flor-do-vale.pt\/index.php\/wp-json\/wp\/v2\/media?parent=2480"}],"curies":[{"name":"wp","href":"https:\/\/api.w.org\/{rel}","templated":true}]}}