{"id":2526,"date":"2018-08-29T10:28:12","date_gmt":"2018-08-29T10:28:12","guid":{"rendered":"http:\/\/flor-do-vale.pt\/?page_id=2526"},"modified":"2018-09-03T10:39:49","modified_gmt":"2018-09-03T10:39:49","slug":"cabra-do-vale","status":"publish","type":"page","link":"http:\/\/flor-do-vale.pt\/index.php\/historia\/cabra-do-vale\/","title":{"rendered":"Cabra do Vale"},"content":{"rendered":"<div id=\"pl-2526\"  class=\"panel-layout\" ><div id=\"pg-2526-0\"  class=\"panel-grid panel-no-style\" ><div id=\"pgc-2526-0-0\"  class=\"panel-grid-cell\" ><div id=\"panel-2526-0-0-0\" class=\"so-panel widget widget_sow-headline panel-first-child\" data-index=\"0\" ><div class=\"panel-widget-style panel-widget-style-for-2526-0-0-0\" ><div\n\t\t\t\n\t\t\tclass=\"so-widget-sow-headline so-widget-sow-headline-default-79fb05429eeb-2526 so-widget-fittext-wrapper\"\n\t\t\t data-fit-text-compressor=\"0.85\"\n\t\t><div class=\"sow-headline-container \">\n\t\t\t\t\t\t\t<h1 class=\"sow-headline\">\n\t\t\t\t\t\tCabra do Vale\t\t\t\t\t\t<\/h1>\n\t\t\t\t\t\t\t\t\t\t\t<div class=\"decoration\">\n\t\t\t\t\t\t<div class=\"decoration-inside\"><\/div>\n\t\t\t\t\t<\/div>\n\t\t\t\t\t<\/div>\n<\/div><\/div><\/div><div id=\"panel-2526-0-0-1\" class=\"widget_text so-panel widget widget_custom_html panel-last-child\" data-index=\"1\" ><div class=\"widget_text panel-widget-style panel-widget-style-for-2526-0-0-1\" ><div class=\"textwidget custom-html-widget\"><p align=\"justify\">A Cabra do Vale \u00e9 a nossa aposta mais recente. Data o seu in\u00edcio em 2017, com a compra de cabritas de ra\u00e7a pura Saanen provenientes de uma das melhores explora\u00e7\u00f5es a n\u00edvel nacional, e a produ\u00e7\u00e3o de leite em 2018. Tivemos oportunidade de selecionar e recriar os melhores animais para acrescentar valor \u00e0 nossa produ\u00e7\u00e3o de queijo e, assim, criar mais uma atividade para o nosso setor.<\/p>\n<p align=\"justify\">Apesar da sua pequena dimens\u00e3o, contamos com meia centena de animais em produ\u00e7\u00e3o onde, tal como na Vacaria do Valado, estamos recetivos a visitas.<\/p>\n<br><\/div><\/div><\/div><\/div><\/div><div id=\"pg-2526-1\"  class=\"panel-grid panel-no-style\" ><div id=\"pgc-2526-1-0\"  class=\"panel-grid-cell\" ><div id=\"panel-2526-1-0-0\" class=\"so-panel widget widget_media_image panel-first-child panel-last-child\" data-index=\"2\" ><a href=\"http:\/\/flor-do-vale.pt\/wp-content\/uploads\/2018\/08\/cabra-do-vale1.jpg\"><img loading=\"lazy\" decoding=\"async\" width=\"900\" height=\"600\" src=\"http:\/\/flor-do-vale.pt\/wp-content\/uploads\/2018\/08\/c1.jpg\" class=\"image wp-image-2619  attachment-full size-full\" alt=\"\" style=\"max-width: 100%; height: auto;\" srcset=\"http:\/\/flor-do-vale.pt\/wp-content\/uploads\/2018\/08\/c1.jpg 900w, http:\/\/flor-do-vale.pt\/wp-content\/uploads\/2018\/08\/c1-300x200.jpg 300w, http:\/\/flor-do-vale.pt\/wp-content\/uploads\/2018\/08\/c1-768x512.jpg 768w, http:\/\/flor-do-vale.pt\/wp-content\/uploads\/2018\/08\/c1-272x182.jpg 272w\" sizes=\"auto, (max-width: 900px) 100vw, 900px\" \/><\/a><\/div><\/div><div id=\"pgc-2526-1-1\"  class=\"panel-grid-cell\" ><div id=\"panel-2526-1-1-0\" class=\"so-panel widget widget_media_image panel-first-child panel-last-child\" data-index=\"3\" ><a href=\"http:\/\/flor-do-vale.pt\/wp-content\/uploads\/2018\/08\/cabra-do-vale4.jpg\"><img loading=\"lazy\" decoding=\"async\" width=\"900\" height=\"600\" src=\"http:\/\/flor-do-vale.pt\/wp-content\/uploads\/2018\/08\/c2.jpg\" class=\"image wp-image-2620  attachment-full size-full\" alt=\"\" style=\"max-width: 100%; height: auto;\" srcset=\"http:\/\/flor-do-vale.pt\/wp-content\/uploads\/2018\/08\/c2.jpg 900w, http:\/\/flor-do-vale.pt\/wp-content\/uploads\/2018\/08\/c2-300x200.jpg 300w, http:\/\/flor-do-vale.pt\/wp-content\/uploads\/2018\/08\/c2-768x512.jpg 768w, http:\/\/flor-do-vale.pt\/wp-content\/uploads\/2018\/08\/c2-272x182.jpg 272w\" sizes=\"auto, (max-width: 900px) 100vw, 900px\" \/><\/a><\/div><\/div><div id=\"pgc-2526-1-2\"  class=\"panel-grid-cell\" ><div id=\"panel-2526-1-2-0\" class=\"so-panel widget widget_media_image panel-first-child panel-last-child\" data-index=\"4\" ><a href=\"http:\/\/flor-do-vale.pt\/wp-content\/uploads\/2018\/08\/cabra-do-vale3.jpg\"><img loading=\"lazy\" decoding=\"async\" width=\"900\" height=\"600\" src=\"http:\/\/flor-do-vale.pt\/wp-content\/uploads\/2018\/08\/c3.jpg\" class=\"image wp-image-2621  attachment-full size-full\" alt=\"\" style=\"max-width: 100%; height: auto;\" srcset=\"http:\/\/flor-do-vale.pt\/wp-content\/uploads\/2018\/08\/c3.jpg 900w, http:\/\/flor-do-vale.pt\/wp-content\/uploads\/2018\/08\/c3-300x200.jpg 300w, http:\/\/flor-do-vale.pt\/wp-content\/uploads\/2018\/08\/c3-768x512.jpg 768w, http:\/\/flor-do-vale.pt\/wp-content\/uploads\/2018\/08\/c3-272x182.jpg 272w\" sizes=\"auto, (max-width: 900px) 100vw, 900px\" \/><\/a><\/div><\/div><div id=\"pgc-2526-1-3\"  class=\"panel-grid-cell\" ><div id=\"panel-2526-1-3-0\" class=\"so-panel widget widget_media_image panel-first-child panel-last-child\" data-index=\"5\" ><a href=\"http:\/\/flor-do-vale.pt\/wp-content\/uploads\/2018\/08\/cabra-do-vale2.jpg\"><img loading=\"lazy\" decoding=\"async\" width=\"900\" height=\"600\" src=\"http:\/\/flor-do-vale.pt\/wp-content\/uploads\/2018\/08\/c4.jpg\" class=\"image wp-image-2622  attachment-full size-full\" alt=\"\" style=\"max-width: 100%; height: auto;\" srcset=\"http:\/\/flor-do-vale.pt\/wp-content\/uploads\/2018\/08\/c4.jpg 900w, http:\/\/flor-do-vale.pt\/wp-content\/uploads\/2018\/08\/c4-300x200.jpg 300w, http:\/\/flor-do-vale.pt\/wp-content\/uploads\/2018\/08\/c4-768x512.jpg 768w, http:\/\/flor-do-vale.pt\/wp-content\/uploads\/2018\/08\/c4-272x182.jpg 272w\" sizes=\"auto, (max-width: 900px) 100vw, 900px\" \/><\/a><\/div><\/div><\/div><div id=\"pg-2526-2\"  class=\"panel-grid panel-has-style\" ><div class=\"siteorigin-panels-stretch panel-row-style panel-row-style-for-2526-2\" data-stretch-type=\"full-stretched\" ><div id=\"pgc-2526-2-0\"  class=\"panel-grid-cell\" ><div class=\"panel-cell-style panel-cell-style-for-2526-2-0\" ><div id=\"panel-2526-2-0-0\" class=\"widget_text so-panel widget widget_custom_html panel-first-child panel-last-child\" data-index=\"6\" ><div class=\"widget_text panel-widget-style panel-widget-style-for-2526-2-0-0\" ><div class=\"textwidget custom-html-widget\">Copyright \u00a9 2018 Queijaria Flor do Vale. Todos os direitos reservados.<\/span>\n\nPol\u00edtica de Privacidade<\/u><\/a><\/span>\n<\/div><\/div><\/div><\/div><\/div><div id=\"pgc-2526-2-1\"  class=\"panel-grid-cell\" ><div class=\"panel-cell-style panel-cell-style-for-2526-2-1\" ><div id=\"panel-2526-2-1-0\" class=\"widget_text so-panel widget widget_custom_html panel-first-child panel-last-child\" data-index=\"7\" ><div class=\"widget_text panel-widget-style panel-widget-style-for-2526-2-1-0\" ><div class=\"textwidget custom-html-widget\">Powered by: DATASAFE<\/a><\/span><\/div><\/div><\/div><\/div><\/div><\/div><\/div><\/div>","protected":false},"excerpt":{"rendered":"<p>Cabra do Vale A Cabra do Vale \u00e9 a nossa aposta mais recente. Data o seu in\u00edcio em 2017, com a compra de cabritas de ra\u00e7a pura Saanen provenientes de uma das melhores explora\u00e7\u00f5es a n\u00edvel nacional, e a produ\u00e7\u00e3o de leite em 2018. Tivemos oportunidade de selecionar e recriar os melhores animais para acrescentar [&hellip;]<\/p>\n","protected":false},"author":1,"featured_media":0,"parent":614,"menu_order":0,"comment_status":"closed","ping_status":"closed","template":"","meta":{"footnotes":""},"class_list":["post-2526","page","type-page","status-publish","hentry"],"_links":{"self":[{"href":"http:\/\/flor-do-vale.pt\/index.php\/wp-json\/wp\/v2\/pages\/2526","targetHints":{"allow":["GET"]}}],"collection":[{"href":"http:\/\/flor-do-vale.pt\/index.php\/wp-json\/wp\/v2\/pages"}],"about":[{"href":"http:\/\/flor-do-vale.pt\/index.php\/wp-json\/wp\/v2\/types\/page"}],"author":[{"embeddable":true,"href":"http:\/\/flor-do-vale.pt\/index.php\/wp-json\/wp\/v2\/users\/1"}],"replies":[{"embeddable":true,"href":"http:\/\/flor-do-vale.pt\/index.php\/wp-json\/wp\/v2\/comments?post=2526"}],"version-history":[{"count":40,"href":"http:\/\/flor-do-vale.pt\/index.php\/wp-json\/wp\/v2\/pages\/2526\/revisions"}],"predecessor-version":[{"id":2665,"href":"http:\/\/flor-do-vale.pt\/index.php\/wp-json\/wp\/v2\/pages\/2526\/revisions\/2665"}],"up":[{"embeddable":true,"href":"http:\/\/flor-do-vale.pt\/index.php\/wp-json\/wp\/v2\/pages\/614"}],"wp:attachment":[{"href":"http:\/\/flor-do-vale.pt\/index.php\/wp-json\/wp\/v2\/media?parent=2526"}],"curies":[{"name":"wp","href":"https:\/\/api.w.org\/{rel}","templated":true}]}}