{"id":690,"date":"2017-12-04T00:47:01","date_gmt":"2017-12-04T00:47:01","guid":{"rendered":"http:\/\/flor-do-vale.pt\/?page_id=690"},"modified":"2018-09-27T13:46:50","modified_gmt":"2018-09-27T13:46:50","slug":"destaques","status":"publish","type":"page","link":"http:\/\/flor-do-vale.pt\/index.php\/destaques\/","title":{"rendered":"Destaques"},"content":{"rendered":"<div id=\"pl-690\"  class=\"panel-layout\" ><div id=\"pg-690-0\"  class=\"panel-grid panel-has-style\" ><div class=\"siteorigin-panels-stretch panel-row-style panel-row-style-for-690-0\" data-stretch-type=\"full-stretched\" ><div id=\"pgc-690-0-0\"  class=\"panel-grid-cell\" ><div id=\"panel-690-0-0-0\" class=\"so-panel widget widget_sow-headline panel-first-child panel-last-child\" data-index=\"0\" ><div class=\"panel-widget-style panel-widget-style-for-690-0-0-0\" ><div\n\t\t\t\n\t\t\tclass=\"so-widget-sow-headline so-widget-sow-headline-default-79fb05429eeb-690 so-widget-fittext-wrapper\"\n\t\t\t data-fit-text-compressor=\"0.85\"\n\t\t><div class=\"sow-headline-container \">\n\t\t\t\t\t\t\t<h1 class=\"sow-headline\">\n\t\t\t\t\t\tOs Nossos Destaques\t\t\t\t\t\t<\/h1>\n\t\t\t\t\t\t\t\t\t\t\t<div class=\"decoration\">\n\t\t\t\t\t\t<div class=\"decoration-inside\"><\/div>\n\t\t\t\t\t<\/div>\n\t\t\t\t\t<\/div>\n<\/div><\/div><\/div><\/div><\/div><\/div><div id=\"pg-690-1\"  class=\"panel-grid panel-no-style\" ><div id=\"pgc-690-1-0\"  class=\"panel-grid-cell\" ><div id=\"panel-690-1-0-0\" class=\"so-panel widget widget_text panel-first-child panel-last-child\" data-index=\"1\" ><h3 class=\"widget-title\">Think Green<\/h3>\t\t\t<div class=\"textwidget\"><p align=\"justify\">\u201cFlor do Vale Queijaria Artesanal situada no Valado de Sta. Quit\u00e9ria, na freguesia de Alfeizer\u00e3o em conjunto com a Master Vantagem, aceitou o desafio de contribuir para um planeta mais sustent\u00e1vel atrav\u00e9s da contrata\u00e7\u00e3o de energia el\u00e9ctrica proveniente de fontes 100% renov\u00e1veis. Juntos fazemos parte da solu\u00e7\u00e3o! Think Green! \ud83d\udd0b \u267b\ufe0f \u2026\u201d<\/p>\n<p>Para ver a not\u00edcia completa clique <strong><a href=\"https:\/\/www.facebook.com\/mastervantagem.pt\/posts\/829357830550124:0\">aqui<\/a><\/strong>.<\/p>\n<p>&nbsp;<\/p>\n<p>&nbsp;<\/p>\n<\/div>\n\t\t<\/div><\/div><div id=\"pgc-690-1-1\"  class=\"panel-grid-cell\" ><div id=\"panel-690-1-1-0\" class=\"so-panel widget widget_media_image panel-first-child panel-last-child\" data-index=\"2\" ><img loading=\"lazy\" decoding=\"async\" width=\"600\" height=\"514\" src=\"http:\/\/flor-do-vale.pt\/wp-content\/uploads\/2018\/09\/tg-768x658.jpg\" class=\"image wp-image-2808  attachment-600x514 size-600x514\" alt=\"\" style=\"max-width: 100%; height: auto;\" srcset=\"http:\/\/flor-do-vale.pt\/wp-content\/uploads\/2018\/09\/tg-768x658.jpg 768w, http:\/\/flor-do-vale.pt\/wp-content\/uploads\/2018\/09\/tg-300x257.jpg 300w, http:\/\/flor-do-vale.pt\/wp-content\/uploads\/2018\/09\/tg-1024x877.jpg 1024w, http:\/\/flor-do-vale.pt\/wp-content\/uploads\/2018\/09\/tg.jpg 1300w\" sizes=\"auto, (max-width: 600px) 100vw, 600px\" \/><\/div><\/div><\/div><div id=\"pg-690-2\"  class=\"panel-grid panel-no-style\" ><div id=\"pgc-690-2-0\"  class=\"panel-grid-cell\" ><div id=\"panel-690-2-0-0\" class=\"so-panel widget widget_text panel-first-child panel-last-child\" data-index=\"3\" ><h3 class=\"widget-title\">Visitas Guiadas<\/h3>\t\t\t<div class=\"textwidget\"><p align=\"justify\">Aos interessados em conhecer todo o processo envolvente desde a produ\u00e7\u00e3o do leite at\u00e9 ao fabrico do queijo, informamos que realizamos visitas guiadas \u00e0 explora\u00e7\u00e3o de leite e \u00e0 queijaria com op\u00e7\u00e3o de prova de queijos. Caso estejam interessados pedimos que entrem em contacto para marca\u00e7\u00e3o pr\u00e9via.<\/p>\n<p align=\"justify\">\n<\/div>\n\t\t<\/div><\/div><\/div><div id=\"pg-690-3\"  class=\"panel-grid panel-no-style\" ><div id=\"pgc-690-3-0\"  class=\"panel-grid-cell\" ><div id=\"panel-690-3-0-0\" class=\"so-panel widget widget_media_image panel-first-child panel-last-child\" data-index=\"4\" ><img loading=\"lazy\" decoding=\"async\" width=\"600\" height=\"600\" src=\"http:\/\/flor-do-vale.pt\/wp-content\/uploads\/2018\/09\/visitas-guiadas-2-768x768.jpg\" class=\"image wp-image-2795  attachment-600x600 size-600x600\" alt=\"\" style=\"max-width: 100%; height: auto;\" srcset=\"http:\/\/flor-do-vale.pt\/wp-content\/uploads\/2018\/09\/visitas-guiadas-2-768x768.jpg 768w, http:\/\/flor-do-vale.pt\/wp-content\/uploads\/2018\/09\/visitas-guiadas-2-150x150.jpg 150w, http:\/\/flor-do-vale.pt\/wp-content\/uploads\/2018\/09\/visitas-guiadas-2-300x300.jpg 300w, http:\/\/flor-do-vale.pt\/wp-content\/uploads\/2018\/09\/visitas-guiadas-2.jpg 960w\" sizes=\"auto, (max-width: 600px) 100vw, 600px\" \/><\/div><\/div><div id=\"pgc-690-3-1\"  class=\"panel-grid-cell\" ><div id=\"panel-690-3-1-0\" class=\"so-panel widget widget_media_image panel-first-child panel-last-child\" data-index=\"5\" ><img loading=\"lazy\" decoding=\"async\" width=\"600\" height=\"600\" src=\"http:\/\/flor-do-vale.pt\/wp-content\/uploads\/2017\/09\/visitas-guiadas-1-768x768.jpg\" class=\"image wp-image-2793  attachment-600x600 size-600x600\" alt=\"\" style=\"max-width: 100%; height: auto;\" srcset=\"http:\/\/flor-do-vale.pt\/wp-content\/uploads\/2017\/09\/visitas-guiadas-1-768x768.jpg 768w, http:\/\/flor-do-vale.pt\/wp-content\/uploads\/2017\/09\/visitas-guiadas-1-150x150.jpg 150w, http:\/\/flor-do-vale.pt\/wp-content\/uploads\/2017\/09\/visitas-guiadas-1-300x300.jpg 300w, http:\/\/flor-do-vale.pt\/wp-content\/uploads\/2017\/09\/visitas-guiadas-1-e1536238998711.jpg 480w\" sizes=\"auto, (max-width: 600px) 100vw, 600px\" \/><\/div><\/div><\/div><div id=\"pg-690-4\"  class=\"panel-grid panel-no-style\" ><div id=\"pgc-690-4-0\"  class=\"panel-grid-cell\" ><div id=\"panel-690-4-0-0\" class=\"widget_text so-panel widget widget_custom_html panel-first-child panel-last-child\" data-index=\"6\" ><div class=\"textwidget custom-html-widget\"><br><\/div><\/div><\/div><\/div><div id=\"pg-690-5\"  class=\"panel-grid panel-has-style\" ><div class=\"siteorigin-panels-stretch panel-row-style panel-row-style-for-690-5\" data-stretch-type=\"full-stretched\" ><div id=\"pgc-690-5-0\"  class=\"panel-grid-cell\" ><div class=\"panel-cell-style panel-cell-style-for-690-5-0\" ><div id=\"panel-690-5-0-0\" class=\"widget_text so-panel widget widget_custom_html panel-first-child panel-last-child\" data-index=\"7\" ><div class=\"textwidget custom-html-widget\"><span style=\"font-size:13px;\">Copyright \u00a9 2018 Queijaria Flor do Vale. Todos os direitos reservados.<\/span>\n<br\/>\n<span style=\"font-size:13px;\"><a href=\"http:\/\/flor-do-vale.pt\/index.php\/privacidade\/\" style=\"color:#fff;\"><u>Pol\u00edtica de Privacidade<\/u><\/a><\/span>\n<\/div><\/div><\/div><\/div><div id=\"pgc-690-5-1\"  class=\"panel-grid-cell\" ><div class=\"panel-cell-style panel-cell-style-for-690-5-1\" ><div id=\"panel-690-5-1-0\" class=\"widget_text so-panel widget widget_custom_html panel-first-child panel-last-child\" data-index=\"8\" ><div class=\"textwidget custom-html-widget\"><span style=\"font-size:13px;\">Powered by: <a href=\"http:\/\/datasafe.pt\" target=\"_blank\" style=\"color:#5eaad1\">DATASAFE<\/a><\/span><\/div><\/div><\/div><\/div><\/div><\/div><\/div>","protected":false},"excerpt":{"rendered":"<p>\u201cFlor do Vale Queijaria Artesanal situada no Valado de Sta. Quit\u00e9ria, na freguesia de Alfeizer\u00e3o em conjunto com a Master Vantagem, aceitou o desafio de contribuir para um planeta mais sustent\u00e1vel atrav\u00e9s da contrata\u00e7\u00e3o de energia el\u00e9ctrica proveniente de fontes 100% renov\u00e1veis. Juntos fazemos parte da solu\u00e7\u00e3o! Think Green! \ud83d\udd0b \u267b\ufe0f \u2026\u201d Para ver a [&hellip;]<\/p>\n","protected":false},"author":1,"featured_media":0,"parent":0,"menu_order":0,"comment_status":"closed","ping_status":"closed","template":"","meta":{"footnotes":""},"class_list":["post-690","page","type-page","status-publish","hentry"],"_links":{"self":[{"href":"http:\/\/flor-do-vale.pt\/index.php\/wp-json\/wp\/v2\/pages\/690","targetHints":{"allow":["GET"]}}],"collection":[{"href":"http:\/\/flor-do-vale.pt\/index.php\/wp-json\/wp\/v2\/pages"}],"about":[{"href":"http:\/\/flor-do-vale.pt\/index.php\/wp-json\/wp\/v2\/types\/page"}],"author":[{"embeddable":true,"href":"http:\/\/flor-do-vale.pt\/index.php\/wp-json\/wp\/v2\/users\/1"}],"replies":[{"embeddable":true,"href":"http:\/\/flor-do-vale.pt\/index.php\/wp-json\/wp\/v2\/comments?post=690"}],"version-history":[{"count":62,"href":"http:\/\/flor-do-vale.pt\/index.php\/wp-json\/wp\/v2\/pages\/690\/revisions"}],"predecessor-version":[{"id":2898,"href":"http:\/\/flor-do-vale.pt\/index.php\/wp-json\/wp\/v2\/pages\/690\/revisions\/2898"}],"wp:attachment":[{"href":"http:\/\/flor-do-vale.pt\/index.php\/wp-json\/wp\/v2\/media?parent=690"}],"curies":[{"name":"wp","href":"https:\/\/api.w.org\/{rel}","templated":true}]}}